{"id":10562,"date":"2025-09-08T20:38:42","date_gmt":"2025-09-08T18:38:42","guid":{"rendered":"https:\/\/alter-entorn.com\/compost-per-a-lhort-i-compost-per-al-jardi\/"},"modified":"2025-09-08T21:32:23","modified_gmt":"2025-09-08T19:32:23","slug":"compost-per-a-lhort-i-compost-per-al-jardi","status":"publish","type":"page","link":"https:\/\/alter-entorn.com\/ca\/compost-per-a-lhort-i-compost-per-al-jardi\/","title":{"rendered":"Compost per a l&#8217;hort i compost per al jard\u00ed"},"content":{"rendered":"<div class=\"wpb-content-wrapper\"><p>[vc_row][vc_column][vc_single_image image=&#8221;10471&#8243; img_size=&#8221;full&#8221; alignment=&#8221;center&#8221; css=&#8221;&#8221;][\/vc_column][\/vc_row][vc_row][vc_column][vc_column_text css=&#8221;&#8221;]<\/p>\n<p class=\"p1\"><span class=\"s1\"><strong>Per aconseguir un hort i jard\u00ed saludables i lliures de qu\u00edmics nocius<\/strong>, els <b>microorganismes<\/b> s\u00f3n els nostres grans aliats, juntament amb la <b>mat\u00e8ria org\u00e0nica<\/b> i els <b>minerals<\/b>. Aquest conjunt \u00e9s conegut com les <strong>3M, la base de <a href=\"https:\/\/es.wikipedia.org\/wiki\/Agricultura_regenerativa\" target=\"_blank\" rel=\"noopener\">l\u2019agricultura regenerativa<\/a><\/strong>. Perqu\u00e8 tot funcioni cal afegir-hi una quarta: les <b>Mans.<\/b><\/span><\/p>\n<p>&nbsp;<\/p>\n<p class=\"p1\"><span class=\"s1\"><a href=\"https:\/\/shawellness.com\/shamagazine\/es\/grounding-el-arte-de-caminar-con-los-pies-puestos-en-la-tierra\/\" target=\"_blank\" rel=\"noopener\"><strong>Trepitjar la terra, o &#8220;grounding&#8221;<\/strong><\/a>, com es coneix en algunes cultures, <strong>t\u00e9 efectes positius en la salut mental.<\/strong> S\u2019ha demostrat que redueix l\u2019estr\u00e8s, l\u2019ansietat i millora la qualitat del son. Aquesta pr\u00e0ctica, que implica el contacte directe amb la terra, pot ajudar a equilibrar el sistema nervi\u00f3s i regular el ritme circadi\u00e0. No hi ha res com veure cr\u00e9ixer una planta per entendre que tot t\u00e9 un ritme \u2014tot, fins i tot nosaltres mateixos.<\/span><\/p>\n<p>&nbsp;<\/p>\n<h2 class=\"p1\"><a href=\"https:\/\/alter-entorn.com\/ca\/?s=compost+hort&amp;post_type=product&amp;lang=ca\" target=\"_blank\" rel=\"noopener\"><b>Compost per a l\u2019hort<\/b><\/a><\/h2>\n<p>&nbsp;<\/p>\n<p class=\"p2\">El compost \u00e9s una eina essencial per mantenir un hort sa, productiu i lliure de productes qu\u00edmics. Amb <strong>solucions naturals com <a href=\"https:\/\/alter-entorn.com\/ca\/producto\/elgan\/\">Elgan\u00ae<\/a><\/strong><span class=\"s1\"> i el <\/span><b><i>Salvado bokashi,<\/i><\/b> <strong>transformar les teves restes org\u00e0niques en adob f\u00e8rtil<\/strong> mai no ha estat tan f\u00e0cil. Gr\u00e0cies a l\u2019acci\u00f3 dels microorganismes beneficiosos, podr\u00e0s <b>millorar l\u2019estructura del s\u00f2l<\/b>, augmentar la retenci\u00f3 de nutrients i estimular el desenvolupament radicular dels teus cultius.<\/p>\n<p>&nbsp;<\/p>\n<p class=\"p2\">A m\u00e9s, amb l\u2019\u00fas de <b>cubs per fer <a href=\"https:\/\/es.wikipedia.org\/wiki\/Bokashi\" target=\"_blank\" rel=\"noopener\">compost tipus Bokashi<\/a><\/b>, <strong>pots aprofitar restes de cuina<\/strong> fins i tot en espais redu\u00efts, sense males olors ni insectes. \u00c9s una opci\u00f3 ideal tant per a horts urbans com per a parcel\u00b7les rurals que busquen <b>una producci\u00f3 ecol\u00f2gica i sostenible<\/b>. Comen\u00e7a avui i forma part del canvi regeneratiu que la terra necessita.<\/p>\n<p>&nbsp;<\/p>\n<h2 class=\"p1\"><a href=\"https:\/\/alter-entorn.com\/ca\/?s=compost+jard%C3%AD&amp;post_type=product&amp;lang=ca\" target=\"_blank\" rel=\"noopener\"><b>Compost per al jard\u00ed<\/b><\/a><\/h2>\n<p>&nbsp;<\/p>\n<p class=\"p2\">Si tens un jard\u00ed, <strong>el compost pot convertir-se en el teu millor aliat per nodrir el s\u00f2l<\/strong>, revitalitzar les plantes i reduir la quantitat de residus que generes a casa. Productes com <strong><a href=\"https:\/\/alter-entorn.com\/ca\/producto\/elgan\/\">Elgan\u00ae<\/a><\/strong>, un l\u00edquid p<span class=\"s1\">robi\u00f2tic que accelera la descomposici\u00f3 org\u00e0nica i <\/span>elimina males olors, <span class=\"s2\">i el <\/span><span class=\"s3\"><b>Compost ECO 3M<\/b><\/span><span class=\"s2\">, ric en microvida aut\u00f2ctona<\/span><span class=\"s1\">, \u00e9s un compost acabat llest per aplicar al s\u00f2l. I <\/span>et permet obtenir un <b>compost d\u2019alta qualitat sense esfor\u00e7<\/b>.<\/p>\n<p>&nbsp;<\/p>\n<p class=\"p2\">Aquest tipus d\u2019adob natural <b>millora la floraci\u00f3, la resist\u00e8ncia d\u2019arbustos i arbres ornamentals, i redueix l\u2019\u00fas de fertilitzants qu\u00edmics<\/b>. A m\u00e9s, utilitzar sistemes com el cub de compost amb drenatge de lixiviats permet una gesti\u00f3 neta i efica\u00e7 fins i tot en jardins petits. Cuida les teves plantes des de l\u2019arrel amb solucions que respecten la natura.<\/p>\n<p>Article &#8211; <a href=\"https:\/\/alter-entorn.com\/tiempo-de-huerta-microorganismos\/\" target=\"_blank\" rel=\"noopener\">Temps d\u2019hort i microorganismes<\/a>[\/vc_column_text][\/vc_column][\/vc_row]<\/p>\n<\/div>","protected":false},"excerpt":{"rendered":"<p>[vc_row][vc_column][vc_single_image image=&#8221;10471&#8243; img_size=&#8221;full&#8221; alignment=&#8221;center&#8221; css=&#8221;&#8221;][\/vc_column][\/vc_row][vc_row][vc_column][vc_column_text css=&#8221;&#8221;] Per aconseguir un hort i jard\u00ed saludables i lliures de qu\u00edmics nocius, els microorganismes s\u00f3n els nostres grans aliats, juntament amb la mat\u00e8ria org\u00e0nica i els minerals. Aquest conjunt \u00e9s conegut com les 3M, la base de l\u2019agricultura regenerativa. Perqu\u00e8 tot funcioni cal afegir-hi una quarta: les Mans. &nbsp; [&hellip;]<\/p>\n","protected":false},"author":312,"featured_media":0,"parent":0,"menu_order":0,"comment_status":"closed","ping_status":"closed","template":"","meta":{"_joinchat":[],"footnotes":""},"class_list":["post-10562","page","type-page","status-publish","hentry"],"yoast_head":"<!-- This site is optimized with the Yoast SEO plugin v27.4 - https:\/\/yoast.com\/product\/yoast-seo-wordpress\/ -->\n<title>Compost per a l&#039;hort i compost per al jard\u00ed - alter-entorn<\/title>\n<meta name=\"description\" content=\"Compost per a l&#039;hort i compost per al jard\u00ed: el compost \u00e9s una eina essencial per mantenir un hort sa, productiu...\" \/>\n<meta name=\"robots\" content=\"index, follow, max-snippet:-1, max-image-preview:large, max-video-preview:-1\" \/>\n<link rel=\"canonical\" href=\"https:\/\/alter-entorn.com\/ca\/compost-per-a-lhort-i-compost-per-al-jardi\/\" \/>\n<meta property=\"og:locale\" content=\"ca_ES\" \/>\n<meta property=\"og:type\" content=\"article\" \/>\n<meta property=\"og:title\" content=\"Compost per a l&#039;hort i compost per al jard\u00ed - alter-entorn\" \/>\n<meta property=\"og:description\" content=\"Compost per a l&#039;hort i compost per al jard\u00ed: el compost \u00e9s una eina essencial per mantenir un hort sa, productiu...\" \/>\n<meta property=\"og:url\" content=\"https:\/\/alter-entorn.com\/ca\/compost-per-a-lhort-i-compost-per-al-jardi\/\" \/>\n<meta property=\"og:site_name\" content=\"alter-entorn\" \/>\n<meta property=\"article:publisher\" content=\"https:\/\/www.facebook.com\/alterentorn\/\" \/>\n<meta property=\"article:modified_time\" content=\"2025-09-08T19:32:23+00:00\" \/>\n<meta name=\"twitter:card\" content=\"summary_large_image\" \/>\n<meta name=\"twitter:site\" content=\"@alterentorn\" \/>\n<meta name=\"twitter:label1\" content=\"Temps estimat de lectura\" \/>\n\t<meta name=\"twitter:data1\" content=\"2 minuts\" \/>\n<script type=\"application\/ld+json\" class=\"yoast-schema-graph\">{\"@context\":\"https:\\\/\\\/schema.org\",\"@graph\":[{\"@type\":\"WebPage\",\"@id\":\"https:\\\/\\\/alter-entorn.com\\\/ca\\\/compost-per-a-lhort-i-compost-per-al-jardi\\\/\",\"url\":\"https:\\\/\\\/alter-entorn.com\\\/ca\\\/compost-per-a-lhort-i-compost-per-al-jardi\\\/\",\"name\":\"Compost per a l'hort i compost per al jard\u00ed - alter-entorn\",\"isPartOf\":{\"@id\":\"https:\\\/\\\/alter-entorn.com\\\/ca\\\/#website\"},\"datePublished\":\"2025-09-08T18:38:42+00:00\",\"dateModified\":\"2025-09-08T19:32:23+00:00\",\"description\":\"Compost per a l'hort i compost per al jard\u00ed: el compost \u00e9s una eina essencial per mantenir un hort sa, productiu...\",\"breadcrumb\":{\"@id\":\"https:\\\/\\\/alter-entorn.com\\\/ca\\\/compost-per-a-lhort-i-compost-per-al-jardi\\\/#breadcrumb\"},\"inLanguage\":\"ca\",\"potentialAction\":[{\"@type\":\"ReadAction\",\"target\":[\"https:\\\/\\\/alter-entorn.com\\\/ca\\\/compost-per-a-lhort-i-compost-per-al-jardi\\\/\"]}]},{\"@type\":\"BreadcrumbList\",\"@id\":\"https:\\\/\\\/alter-entorn.com\\\/ca\\\/compost-per-a-lhort-i-compost-per-al-jardi\\\/#breadcrumb\",\"itemListElement\":[{\"@type\":\"ListItem\",\"position\":1,\"name\":\"Portada\",\"item\":\"https:\\\/\\\/alter-entorn.com\\\/ca\\\/\"},{\"@type\":\"ListItem\",\"position\":2,\"name\":\"Compost per a l&#8217;hort i compost per al jard\u00ed\"}]},{\"@type\":\"WebSite\",\"@id\":\"https:\\\/\\\/alter-entorn.com\\\/ca\\\/#website\",\"url\":\"https:\\\/\\\/alter-entorn.com\\\/ca\\\/\",\"name\":\"alter-entorn\",\"description\":\"Soluciones Microbiol\u00f3gicas probi\u00f3ticos\",\"publisher\":{\"@id\":\"https:\\\/\\\/alter-entorn.com\\\/ca\\\/#organization\"},\"potentialAction\":[{\"@type\":\"SearchAction\",\"target\":{\"@type\":\"EntryPoint\",\"urlTemplate\":\"https:\\\/\\\/alter-entorn.com\\\/ca\\\/?s={search_term_string}\"},\"query-input\":{\"@type\":\"PropertyValueSpecification\",\"valueRequired\":true,\"valueName\":\"search_term_string\"}}],\"inLanguage\":\"ca\"},{\"@type\":\"Organization\",\"@id\":\"https:\\\/\\\/alter-entorn.com\\\/ca\\\/#organization\",\"name\":\"alter-entorn\",\"url\":\"https:\\\/\\\/alter-entorn.com\\\/ca\\\/\",\"logo\":{\"@type\":\"ImageObject\",\"inLanguage\":\"ca\",\"@id\":\"https:\\\/\\\/alter-entorn.com\\\/ca\\\/#\\\/schema\\\/logo\\\/image\\\/\",\"url\":\"https:\\\/\\\/alter-entorn.com\\\/wp-content\\\/uploads\\\/2018\\\/10\\\/logo_alter_entorn-sin-texto-1.png\",\"contentUrl\":\"https:\\\/\\\/alter-entorn.com\\\/wp-content\\\/uploads\\\/2018\\\/10\\\/logo_alter_entorn-sin-texto-1.png\",\"width\":246,\"height\":68,\"caption\":\"alter-entorn\"},\"image\":{\"@id\":\"https:\\\/\\\/alter-entorn.com\\\/ca\\\/#\\\/schema\\\/logo\\\/image\\\/\"},\"sameAs\":[\"https:\\\/\\\/www.facebook.com\\\/alterentorn\\\/\",\"https:\\\/\\\/x.com\\\/alterentorn\"]}]}<\/script>\n<!-- \/ Yoast SEO plugin. -->","yoast_head_json":{"title":"Compost per a l'hort i compost per al jard\u00ed - alter-entorn","description":"Compost per a l'hort i compost per al jard\u00ed: el compost \u00e9s una eina essencial per mantenir un hort sa, productiu...","robots":{"index":"index","follow":"follow","max-snippet":"max-snippet:-1","max-image-preview":"max-image-preview:large","max-video-preview":"max-video-preview:-1"},"canonical":"https:\/\/alter-entorn.com\/ca\/compost-per-a-lhort-i-compost-per-al-jardi\/","og_locale":"ca_ES","og_type":"article","og_title":"Compost per a l'hort i compost per al jard\u00ed - alter-entorn","og_description":"Compost per a l'hort i compost per al jard\u00ed: el compost \u00e9s una eina essencial per mantenir un hort sa, productiu...","og_url":"https:\/\/alter-entorn.com\/ca\/compost-per-a-lhort-i-compost-per-al-jardi\/","og_site_name":"alter-entorn","article_publisher":"https:\/\/www.facebook.com\/alterentorn\/","article_modified_time":"2025-09-08T19:32:23+00:00","twitter_card":"summary_large_image","twitter_site":"@alterentorn","twitter_misc":{"Temps estimat de lectura":"2 minuts"},"schema":{"@context":"https:\/\/schema.org","@graph":[{"@type":"WebPage","@id":"https:\/\/alter-entorn.com\/ca\/compost-per-a-lhort-i-compost-per-al-jardi\/","url":"https:\/\/alter-entorn.com\/ca\/compost-per-a-lhort-i-compost-per-al-jardi\/","name":"Compost per a l'hort i compost per al jard\u00ed - alter-entorn","isPartOf":{"@id":"https:\/\/alter-entorn.com\/ca\/#website"},"datePublished":"2025-09-08T18:38:42+00:00","dateModified":"2025-09-08T19:32:23+00:00","description":"Compost per a l'hort i compost per al jard\u00ed: el compost \u00e9s una eina essencial per mantenir un hort sa, productiu...","breadcrumb":{"@id":"https:\/\/alter-entorn.com\/ca\/compost-per-a-lhort-i-compost-per-al-jardi\/#breadcrumb"},"inLanguage":"ca","potentialAction":[{"@type":"ReadAction","target":["https:\/\/alter-entorn.com\/ca\/compost-per-a-lhort-i-compost-per-al-jardi\/"]}]},{"@type":"BreadcrumbList","@id":"https:\/\/alter-entorn.com\/ca\/compost-per-a-lhort-i-compost-per-al-jardi\/#breadcrumb","itemListElement":[{"@type":"ListItem","position":1,"name":"Portada","item":"https:\/\/alter-entorn.com\/ca\/"},{"@type":"ListItem","position":2,"name":"Compost per a l&#8217;hort i compost per al jard\u00ed"}]},{"@type":"WebSite","@id":"https:\/\/alter-entorn.com\/ca\/#website","url":"https:\/\/alter-entorn.com\/ca\/","name":"alter-entorn","description":"Soluciones Microbiol\u00f3gicas probi\u00f3ticos","publisher":{"@id":"https:\/\/alter-entorn.com\/ca\/#organization"},"potentialAction":[{"@type":"SearchAction","target":{"@type":"EntryPoint","urlTemplate":"https:\/\/alter-entorn.com\/ca\/?s={search_term_string}"},"query-input":{"@type":"PropertyValueSpecification","valueRequired":true,"valueName":"search_term_string"}}],"inLanguage":"ca"},{"@type":"Organization","@id":"https:\/\/alter-entorn.com\/ca\/#organization","name":"alter-entorn","url":"https:\/\/alter-entorn.com\/ca\/","logo":{"@type":"ImageObject","inLanguage":"ca","@id":"https:\/\/alter-entorn.com\/ca\/#\/schema\/logo\/image\/","url":"https:\/\/alter-entorn.com\/wp-content\/uploads\/2018\/10\/logo_alter_entorn-sin-texto-1.png","contentUrl":"https:\/\/alter-entorn.com\/wp-content\/uploads\/2018\/10\/logo_alter_entorn-sin-texto-1.png","width":246,"height":68,"caption":"alter-entorn"},"image":{"@id":"https:\/\/alter-entorn.com\/ca\/#\/schema\/logo\/image\/"},"sameAs":["https:\/\/www.facebook.com\/alterentorn\/","https:\/\/x.com\/alterentorn"]}]}},"_links":{"self":[{"href":"https:\/\/alter-entorn.com\/ca\/wp-json\/wp\/v2\/pages\/10562","targetHints":{"allow":["GET"]}}],"collection":[{"href":"https:\/\/alter-entorn.com\/ca\/wp-json\/wp\/v2\/pages"}],"about":[{"href":"https:\/\/alter-entorn.com\/ca\/wp-json\/wp\/v2\/types\/page"}],"author":[{"embeddable":true,"href":"https:\/\/alter-entorn.com\/ca\/wp-json\/wp\/v2\/users\/312"}],"replies":[{"embeddable":true,"href":"https:\/\/alter-entorn.com\/ca\/wp-json\/wp\/v2\/comments?post=10562"}],"version-history":[{"count":7,"href":"https:\/\/alter-entorn.com\/ca\/wp-json\/wp\/v2\/pages\/10562\/revisions"}],"predecessor-version":[{"id":10637,"href":"https:\/\/alter-entorn.com\/ca\/wp-json\/wp\/v2\/pages\/10562\/revisions\/10637"}],"wp:attachment":[{"href":"https:\/\/alter-entorn.com\/ca\/wp-json\/wp\/v2\/media?parent=10562"}],"curies":[{"name":"wp","href":"https:\/\/api.w.org\/{rel}","templated":true}]}}