{"id":3998,"date":"2017-08-31T08:55:26","date_gmt":"2017-08-31T06:55:26","guid":{"rendered":"http:\/\/alter-entorn.com?page_id=3998"},"modified":"2017-12-19T19:00:01","modified_gmt":"2017-12-19T17:00:01","slug":"salut-i-benestar","status":"publish","type":"page","link":"https:\/\/alter-entorn.com\/ca\/salut-i-benestar\/","title":{"rendered":"Salut i Benestar"},"content":{"rendered":"<h2><strong>CUIDAR-SE PER DINS<\/strong><\/h2>\n<p>La bona salut de\u00a0<strong>la microbiota o flora intestinal<\/strong>\u00a0\u00e9s fonamental per al nostre benestar. A la panxa hi tenim milions de microorganismes i bacteris que contribueixen al bon funcionament del nostre cos.\u00a0 El ritme de vida actual, les presses, els productes envasats i precuinats, els ambients tancats, l\u2019exc\u00e9s de medicaments, els materials sint\u00e8tics\u2026. destrueixen l\u2019equilibri del nostre cos donant lloc a diversos problemes de salut.\u00a0<strong>Els probi\u00f2tics<\/strong>\u00a0ens ajuden a retrobar aquest equilibri\u00a0 imprescindible per al bon funcionament del nostre organisme.<\/p>\n<h4>\u00a0<strong>BIO-LIVE<\/strong><\/h4>\n<p>\u00c9s una gamma de suplements probi\u00f2tics, elaborats exclusivament amb ingredients naturals i amb 13 fam\u00edlies de microorganismes beneficiosos. La seva ingesti\u00f3 di\u00e0ria aporta diferents millores en la salut com:<\/p>\n<ul>\n<li>L\u2019equilibri de la flora intestinal.<\/li>\n<li>refor\u00e7a i incrementa les nostres defenses.<\/li>\n<li>millora els trastorns digestius.<\/li>\n<li>afavoreix l\u2019absorci\u00f3 de nutrients com el calci.<\/li>\n<\/ul>\n<p>Els antioxidants ens ajuden a frenar l\u2019envelliment i la degeneraci\u00f3 de les c\u00e8l\u00b7lules, frenant l\u2019acci\u00f3 dels radicals lliures que acceleren la degeneraci\u00f3 cel\u00b7lular. La restauraci\u00f3 de la salut digestiva, disminuint trastorns i augmentant la toler\u00e0ncia a alguns aliments, ens provoca una sensaci\u00f3 de benestar i disminueix l\u2019estr\u00e8s.<\/p>\n<p>Disposem:<\/p>\n<ul>\n<li>d\u2019un Biolive espec\u00edfic per infants, anomenat BIOLIVE GOO;<\/li>\n<li>Biolive per adults: GOLD i DARK (<strong>recuperadors de flora intestinal,<\/strong>\u00a0de sabor m\u00e9s intens o m\u00e9s suau); BreathEase (per millorar la respiraci\u00f3 i desbloquejar els pulmons); Echinacia (\u00e9s el Biolive amb Echinacia); Liver&amp;Gall (espec\u00edfic per la millora del funcionament del fetge i el p\u00e0ncrees).<\/li>\n<\/ul>\n<h4><strong>MANJU<\/strong><\/h4>\n<p>\u00c9s un antioxidant elaborat a partir de subst\u00e0ncies vegetals fermentades i madurades, com l\u2019arr\u00f2s i la papaia verda. Manju \u00e9s com s\u2019anomena a la papaia a Okinawa, tradu\u00eft com \u201cmel\u00f3 de deu anys de vida\u201d, pel que fa refer\u00e8ncia als seus efectes d\u2019afavorir la longevitat vital.<\/p>\n<p>Els components del Manju es sel\u00b7leccionen acuradament i s\u00f3n sotmesos a diversos controls de qualitat. Durant el proc\u00e9s d\u2019elaboraci\u00f3 s\u2019hi incorporen microorganismes en proc\u00e9s de fermentaci\u00f3, que despr\u00e9s es separen en l\u00edquid i s\u00f2lid, i se\u2019n esterilitza el primer. La papaia cont\u00e9 diverses subst\u00e0ncies beneficioses com vitamina C, fibra o amino\u00e0cids que augmenten la vitalitat; l\u2019arr\u00f2s natural \u00e9s ric en minerals i el seu salvat cont\u00e9 molta fibra i antioxidants; les algues kelp s\u00f3n riques en ferro i calci, etc.<\/p>\n<p>La seva ingesta frena\u00a0 l\u2019oxidaci\u00f3 de les c\u00e8l\u00b7lules que acceleren l\u2019envelliment i \u00a0la degeneraci\u00f3 de l\u2019organisme, aportant un plus d\u2019energia i vitalitat al nostre organisme. No t\u00e9 un sabor neutre i \u00e9s incolor, pel que no altera el gust dels menjars i begudes amb els que es barreja. La quantitat adequada \u00e9s entre 10-30ml diaris, preferentment en dej\u00fa, sol o barrejat amb la beguda o al plat de sopa o verdures, per exemple. En el cas de l\u2019arr\u00f2s, s\u2019hi afegeix una cullerada per cada tres tasses.<\/p>\n<h4><strong>BIOEMSAN<\/strong><\/h4>\n<ul>\n<li>La l\u00ednia de cosm\u00e8tics Bioemsan amb\u00a0<strong>certificaci\u00f3 ecol\u00f2gica AustriaBio<\/strong>\u00a0\u00e9s la perfecta combinaci\u00f3 de productes naturals\u00a0 amb microorganismes regeneradors.<\/li>\n<li>Lliures d\u2019emulsions sint\u00e8tiques, sense qu\u00edmics i no testats en animals.<\/li>\n<li>Sense \u00a0conservants<\/li>\n<\/ul>\n<p>Els microorganismes\u00a0potencien l\u2019efic\u00e0cia dels components, s\u00f3n regeneradors, incrementen la vitalitat i enforteixen la salut\u00a0.<\/p>\n<h2><strong>CUIDAR-SE PER FORA<\/strong><\/h2>\n<p><strong>Kao: tsuki (l\u2019expressi\u00f3 de la cara)\u00a0<\/strong>per a la cura de la cara, pell resplendent.<\/p>\n<p><strong>Sei: mei (la vitalitat)\u00a0<\/strong>cura i neteja i higiene corporal.<strong><br \/>\n<\/strong><br \/>\n<strong>Ka: el meu (el cabell)\u00a0<\/strong>Cura del cabell<strong><br \/>\n<\/strong><br \/>\n<strong>Ko: nai (la boca)\u00a0<\/strong>la cura de la boca i les dents<\/p>\n<p><a href=\"https:\/\/alter-entorn.com\/ca\/categoria-producte\/salut-i-benestar\/?lang=ca\">Veure els productes d&#8217;aquesta categoria<\/a><\/p>\n","protected":false},"excerpt":{"rendered":"<p>CUIDAR-SE PER DINS La bona salut de\u00a0la microbiota o flora intestinal\u00a0\u00e9s fonamental per al nostre benestar. A la panxa hi tenim milions de microorganismes i bacteris que contribueixen al bon funcionament del nostre cos.\u00a0 El ritme de vida actual, les presses, els productes envasats i precuinats, els ambients tancats, l\u2019exc\u00e9s de medicaments, els materials sint\u00e8tics\u2026. [&hellip;]<\/p>\n","protected":false},"author":3,"featured_media":0,"parent":0,"menu_order":0,"comment_status":"closed","ping_status":"closed","template":"","meta":{"_joinchat":[],"footnotes":""},"class_list":["post-3998","page","type-page","status-publish","hentry"],"yoast_head":"<!-- This site is optimized with the Yoast SEO plugin v27.4 - https:\/\/yoast.com\/product\/yoast-seo-wordpress\/ -->\n<title>Productes microbiol\u00f2gics per la salut i el benestar de les persones<\/title>\n<meta name=\"description\" content=\"Cuidar-se per dins amb suplements probi\u00f2tics naturals, i cuidar-se per fora amb productes de cosm\u00e8tica i higiene natural, lliures de qu\u00edmics\" \/>\n<meta name=\"robots\" content=\"index, follow, max-snippet:-1, max-image-preview:large, max-video-preview:-1\" \/>\n<link rel=\"canonical\" href=\"https:\/\/alter-entorn.com\/ca\/salut-i-benestar\/\" \/>\n<meta property=\"og:locale\" content=\"ca_ES\" \/>\n<meta property=\"og:type\" content=\"article\" \/>\n<meta property=\"og:title\" content=\"Productes microbiol\u00f2gics per la salut i el benestar de les persones\" \/>\n<meta property=\"og:description\" content=\"Cuidar-se per dins amb suplements probi\u00f2tics naturals, i cuidar-se per fora amb productes de cosm\u00e8tica i higiene natural, lliures de qu\u00edmics\" \/>\n<meta property=\"og:url\" content=\"https:\/\/alter-entorn.com\/ca\/salut-i-benestar\/\" \/>\n<meta property=\"og:site_name\" content=\"alter-entorn\" \/>\n<meta property=\"article:publisher\" content=\"https:\/\/www.facebook.com\/alterentorn\/\" \/>\n<meta property=\"article:modified_time\" content=\"2017-12-19T17:00:01+00:00\" \/>\n<meta name=\"twitter:card\" content=\"summary_large_image\" \/>\n<meta name=\"twitter:site\" content=\"@alterentorn\" \/>\n<meta name=\"twitter:label1\" content=\"Temps estimat de lectura\" \/>\n\t<meta name=\"twitter:data1\" content=\"3 minuts\" \/>\n<script type=\"application\/ld+json\" class=\"yoast-schema-graph\">{\"@context\":\"https:\\\/\\\/schema.org\",\"@graph\":[{\"@type\":\"WebPage\",\"@id\":\"https:\\\/\\\/alter-entorn.com\\\/ca\\\/salut-i-benestar\\\/\",\"url\":\"https:\\\/\\\/alter-entorn.com\\\/ca\\\/salut-i-benestar\\\/\",\"name\":\"Productes microbiol\u00f2gics per la salut i el benestar de les persones\",\"isPartOf\":{\"@id\":\"https:\\\/\\\/alter-entorn.com\\\/ca\\\/#website\"},\"datePublished\":\"2017-08-31T06:55:26+00:00\",\"dateModified\":\"2017-12-19T17:00:01+00:00\",\"description\":\"Cuidar-se per dins amb suplements probi\u00f2tics naturals, i cuidar-se per fora amb productes de cosm\u00e8tica i higiene natural, lliures de qu\u00edmics\",\"breadcrumb\":{\"@id\":\"https:\\\/\\\/alter-entorn.com\\\/ca\\\/salut-i-benestar\\\/#breadcrumb\"},\"inLanguage\":\"ca\",\"potentialAction\":[{\"@type\":\"ReadAction\",\"target\":[\"https:\\\/\\\/alter-entorn.com\\\/ca\\\/salut-i-benestar\\\/\"]}]},{\"@type\":\"BreadcrumbList\",\"@id\":\"https:\\\/\\\/alter-entorn.com\\\/ca\\\/salut-i-benestar\\\/#breadcrumb\",\"itemListElement\":[{\"@type\":\"ListItem\",\"position\":1,\"name\":\"Portada\",\"item\":\"https:\\\/\\\/alter-entorn.com\\\/ca\\\/\"},{\"@type\":\"ListItem\",\"position\":2,\"name\":\"Salut i Benestar\"}]},{\"@type\":\"WebSite\",\"@id\":\"https:\\\/\\\/alter-entorn.com\\\/ca\\\/#website\",\"url\":\"https:\\\/\\\/alter-entorn.com\\\/ca\\\/\",\"name\":\"alter-entorn\",\"description\":\"Soluciones Microbiol\u00f3gicas probi\u00f3ticos\",\"publisher\":{\"@id\":\"https:\\\/\\\/alter-entorn.com\\\/ca\\\/#organization\"},\"potentialAction\":[{\"@type\":\"SearchAction\",\"target\":{\"@type\":\"EntryPoint\",\"urlTemplate\":\"https:\\\/\\\/alter-entorn.com\\\/ca\\\/?s={search_term_string}\"},\"query-input\":{\"@type\":\"PropertyValueSpecification\",\"valueRequired\":true,\"valueName\":\"search_term_string\"}}],\"inLanguage\":\"ca\"},{\"@type\":\"Organization\",\"@id\":\"https:\\\/\\\/alter-entorn.com\\\/ca\\\/#organization\",\"name\":\"alter-entorn\",\"url\":\"https:\\\/\\\/alter-entorn.com\\\/ca\\\/\",\"logo\":{\"@type\":\"ImageObject\",\"inLanguage\":\"ca\",\"@id\":\"https:\\\/\\\/alter-entorn.com\\\/ca\\\/#\\\/schema\\\/logo\\\/image\\\/\",\"url\":\"https:\\\/\\\/alter-entorn.com\\\/wp-content\\\/uploads\\\/2018\\\/10\\\/logo_alter_entorn-sin-texto-1.png\",\"contentUrl\":\"https:\\\/\\\/alter-entorn.com\\\/wp-content\\\/uploads\\\/2018\\\/10\\\/logo_alter_entorn-sin-texto-1.png\",\"width\":246,\"height\":68,\"caption\":\"alter-entorn\"},\"image\":{\"@id\":\"https:\\\/\\\/alter-entorn.com\\\/ca\\\/#\\\/schema\\\/logo\\\/image\\\/\"},\"sameAs\":[\"https:\\\/\\\/www.facebook.com\\\/alterentorn\\\/\",\"https:\\\/\\\/x.com\\\/alterentorn\"]}]}<\/script>\n<!-- \/ Yoast SEO plugin. -->","yoast_head_json":{"title":"Productes microbiol\u00f2gics per la salut i el benestar de les persones","description":"Cuidar-se per dins amb suplements probi\u00f2tics naturals, i cuidar-se per fora amb productes de cosm\u00e8tica i higiene natural, lliures de qu\u00edmics","robots":{"index":"index","follow":"follow","max-snippet":"max-snippet:-1","max-image-preview":"max-image-preview:large","max-video-preview":"max-video-preview:-1"},"canonical":"https:\/\/alter-entorn.com\/ca\/salut-i-benestar\/","og_locale":"ca_ES","og_type":"article","og_title":"Productes microbiol\u00f2gics per la salut i el benestar de les persones","og_description":"Cuidar-se per dins amb suplements probi\u00f2tics naturals, i cuidar-se per fora amb productes de cosm\u00e8tica i higiene natural, lliures de qu\u00edmics","og_url":"https:\/\/alter-entorn.com\/ca\/salut-i-benestar\/","og_site_name":"alter-entorn","article_publisher":"https:\/\/www.facebook.com\/alterentorn\/","article_modified_time":"2017-12-19T17:00:01+00:00","twitter_card":"summary_large_image","twitter_site":"@alterentorn","twitter_misc":{"Temps estimat de lectura":"3 minuts"},"schema":{"@context":"https:\/\/schema.org","@graph":[{"@type":"WebPage","@id":"https:\/\/alter-entorn.com\/ca\/salut-i-benestar\/","url":"https:\/\/alter-entorn.com\/ca\/salut-i-benestar\/","name":"Productes microbiol\u00f2gics per la salut i el benestar de les persones","isPartOf":{"@id":"https:\/\/alter-entorn.com\/ca\/#website"},"datePublished":"2017-08-31T06:55:26+00:00","dateModified":"2017-12-19T17:00:01+00:00","description":"Cuidar-se per dins amb suplements probi\u00f2tics naturals, i cuidar-se per fora amb productes de cosm\u00e8tica i higiene natural, lliures de qu\u00edmics","breadcrumb":{"@id":"https:\/\/alter-entorn.com\/ca\/salut-i-benestar\/#breadcrumb"},"inLanguage":"ca","potentialAction":[{"@type":"ReadAction","target":["https:\/\/alter-entorn.com\/ca\/salut-i-benestar\/"]}]},{"@type":"BreadcrumbList","@id":"https:\/\/alter-entorn.com\/ca\/salut-i-benestar\/#breadcrumb","itemListElement":[{"@type":"ListItem","position":1,"name":"Portada","item":"https:\/\/alter-entorn.com\/ca\/"},{"@type":"ListItem","position":2,"name":"Salut i Benestar"}]},{"@type":"WebSite","@id":"https:\/\/alter-entorn.com\/ca\/#website","url":"https:\/\/alter-entorn.com\/ca\/","name":"alter-entorn","description":"Soluciones Microbiol\u00f3gicas probi\u00f3ticos","publisher":{"@id":"https:\/\/alter-entorn.com\/ca\/#organization"},"potentialAction":[{"@type":"SearchAction","target":{"@type":"EntryPoint","urlTemplate":"https:\/\/alter-entorn.com\/ca\/?s={search_term_string}"},"query-input":{"@type":"PropertyValueSpecification","valueRequired":true,"valueName":"search_term_string"}}],"inLanguage":"ca"},{"@type":"Organization","@id":"https:\/\/alter-entorn.com\/ca\/#organization","name":"alter-entorn","url":"https:\/\/alter-entorn.com\/ca\/","logo":{"@type":"ImageObject","inLanguage":"ca","@id":"https:\/\/alter-entorn.com\/ca\/#\/schema\/logo\/image\/","url":"https:\/\/alter-entorn.com\/wp-content\/uploads\/2018\/10\/logo_alter_entorn-sin-texto-1.png","contentUrl":"https:\/\/alter-entorn.com\/wp-content\/uploads\/2018\/10\/logo_alter_entorn-sin-texto-1.png","width":246,"height":68,"caption":"alter-entorn"},"image":{"@id":"https:\/\/alter-entorn.com\/ca\/#\/schema\/logo\/image\/"},"sameAs":["https:\/\/www.facebook.com\/alterentorn\/","https:\/\/x.com\/alterentorn"]}]}},"_links":{"self":[{"href":"https:\/\/alter-entorn.com\/ca\/wp-json\/wp\/v2\/pages\/3998","targetHints":{"allow":["GET"]}}],"collection":[{"href":"https:\/\/alter-entorn.com\/ca\/wp-json\/wp\/v2\/pages"}],"about":[{"href":"https:\/\/alter-entorn.com\/ca\/wp-json\/wp\/v2\/types\/page"}],"author":[{"embeddable":true,"href":"https:\/\/alter-entorn.com\/ca\/wp-json\/wp\/v2\/users\/3"}],"replies":[{"embeddable":true,"href":"https:\/\/alter-entorn.com\/ca\/wp-json\/wp\/v2\/comments?post=3998"}],"version-history":[{"count":0,"href":"https:\/\/alter-entorn.com\/ca\/wp-json\/wp\/v2\/pages\/3998\/revisions"}],"wp:attachment":[{"href":"https:\/\/alter-entorn.com\/ca\/wp-json\/wp\/v2\/media?parent=3998"}],"curies":[{"name":"wp","href":"https:\/\/api.w.org\/{rel}","templated":true}]}}