{"id":10582,"date":"2025-09-08T20:52:59","date_gmt":"2025-09-08T18:52:59","guid":{"rendered":"https:\/\/alter-entorn.com\/cosmetique-naturelle\/"},"modified":"2025-09-08T21:44:26","modified_gmt":"2025-09-08T19:44:26","slug":"cosmetique-naturelle","status":"publish","type":"page","link":"https:\/\/alter-entorn.com\/fr\/cosmetique-naturelle\/","title":{"rendered":"Cosm\u00e9tique naturelle"},"content":{"rendered":"<div class=\"wpb-content-wrapper\"><p>[vc_row][vc_column][vc_single_image image=\u00a0\u00bb10502&Prime; img_size=\u00a0\u00bbfull\u00a0\u00bb alignment=\u00a0\u00bbcenter\u00a0\u00bb css=\u00a0\u00bb\u00a0\u00bb][\/vc_column][\/vc_row][vc_row][vc_column][vc_column_text css=\u00a0\u00bb\u00a0\u00bb]<\/p>\n<p class=\"p1\"><b>La cosm\u00e9tique naturelle<\/b> est bien plus qu\u2019une tendance : <strong>c\u2019est une mani\u00e8re consciente de prendre soin de son corps sans renoncer au respect de l\u2019environnement<\/strong>. Chez <i>Alter-Entorn<\/i>, nous proposons une gamme de produits \u00e9labor\u00e9s avec des ingr\u00e9dients \u00e9cologiques, de la microbiote vivante et des actifs d\u2019origine v\u00e9g\u00e9tale, con\u00e7us pour nourrir, prot\u00e9ger et \u00e9quilibrer votre peau de mani\u00e8re saine et durable.<\/p>\n<p>&nbsp;<\/p>\n<p class=\"p1\">Notre gamme comprend <strong>des dentifrices,<\/strong> <b>des cr\u00e8mes probiotiques<\/b>, <b>des gels pour le corps<\/b>, <b>des shampoings sans sulfates<\/b> et <b>des savons doux<\/b>, id\u00e9als pour les personnes \u00e0 la peau sensible ou qui recherchent une routine d\u2019hygi\u00e8ne sans produits chimiques agressifs. Gr\u00e2ce \u00e0 l\u2019action des micro-organismes b\u00e9n\u00e9fiques, ces produits aident \u00e0 <b>r\u00e9g\u00e9n\u00e9rer la microbiote cutan\u00e9e<\/b>, renforcer la barri\u00e8re naturelle de la peau et apporter une hydratation profonde sans obstruer les pores.<\/p>\n<p>&nbsp;<\/p>\n<p class=\"p1\"><strong>Choisissez une cosm\u00e9tique \u00e9cologique pour une peau plus saine, sans toxines et en harmonie avec la nature.<\/strong> D\u00e9couvrez une nouvelle mani\u00e8re de prendre soin de vous avec des solutions vivantes, conscientes et efficaces.<\/p>\n<p>&nbsp;<\/p>\n<h2 class=\"p4\"><a href=\"https:\/\/alter-entorn.com\/fr\/categoria-producto\/sante-et-bien-etre\/cosmetiques-naturels-hygiene\/\" target=\"_blank\" rel=\"noopener\"><b>PRENDRE SOIN DE L\u2019EXT\u00c9RIEUR<\/b><\/a><\/h2>\n<p>&nbsp;<\/p>\n<h3 class=\"p5\"><b>BIOEMSAN<\/b><\/h3>\n<p>&nbsp;<\/p>\n<p class=\"p4\">La gamme de <span class=\"s2\"><b><a href=\"https:\/\/alter-entorn.com\/fr\/?s=BIOEMSAN&amp;post_type=product&amp;lang=fr\" target=\"_blank\" rel=\"noopener\">cosm\u00e9tique naturelle Bioemsan<\/a><\/b><\/span> avec la certification \u00e9cologique <b>AustriaBio<\/b> est la combinaison parfaite de <b>produits naturels et de micro-organismes r\u00e9g\u00e9n\u00e9rateurs<\/b>. Ce sont <strong>des produits sans \u00e9mulsifiants synth\u00e9tiques, sans produits chimiques ni conservateurs<\/strong> et non test\u00e9s sur les animaux. Les micro-organismes renforcent l\u2019efficacit\u00e9 des composants, sont r\u00e9g\u00e9n\u00e9rants, augmentent la vitalit\u00e9 et renforcent la sant\u00e9.<\/p>\n<p>&nbsp;[\/vc_column_text][\/vc_column][\/vc_row]<\/p>\n<\/div>","protected":false},"excerpt":{"rendered":"<p>[vc_row][vc_column][vc_single_image image=\u00a0\u00bb10502&Prime; img_size=\u00a0\u00bbfull\u00a0\u00bb alignment=\u00a0\u00bbcenter\u00a0\u00bb css=\u00a0\u00bb\u00a0\u00bb][\/vc_column][\/vc_row][vc_row][vc_column][vc_column_text css=\u00a0\u00bb\u00a0\u00bb] La cosm\u00e9tique naturelle est bien plus qu\u2019une tendance : c\u2019est une mani\u00e8re consciente de prendre soin de son corps sans renoncer au respect de l\u2019environnement. Chez Alter-Entorn, nous proposons une gamme de produits \u00e9labor\u00e9s avec des ingr\u00e9dients \u00e9cologiques, de la microbiote vivante et des actifs d\u2019origine v\u00e9g\u00e9tale, con\u00e7us pour [&hellip;]<\/p>\n","protected":false},"author":312,"featured_media":0,"parent":0,"menu_order":0,"comment_status":"closed","ping_status":"closed","template":"","meta":{"_joinchat":[],"footnotes":""},"class_list":["post-10582","page","type-page","status-publish","hentry"],"yoast_head":"<!-- This site is optimized with the Yoast SEO plugin v27.4 - https:\/\/yoast.com\/product\/yoast-seo-wordpress\/ -->\n<title>Cosm\u00e9tique naturelle - alter-entorn<\/title>\n<meta name=\"description\" content=\"La cosm\u00e9tique naturelle est bien plus qu\u2019une tendance : c\u2019est une mani\u00e8re consciente de prendre soin de son corps sans renoncer au respect de l\u2019environnement.\" \/>\n<meta name=\"robots\" content=\"index, follow, max-snippet:-1, max-image-preview:large, max-video-preview:-1\" \/>\n<link rel=\"canonical\" href=\"https:\/\/alter-entorn.com\/fr\/cosmetique-naturelle\/\" \/>\n<meta property=\"og:locale\" content=\"fr_FR\" \/>\n<meta property=\"og:type\" content=\"article\" \/>\n<meta property=\"og:title\" content=\"Cosm\u00e9tique naturelle - alter-entorn\" \/>\n<meta property=\"og:description\" content=\"La cosm\u00e9tique naturelle est bien plus qu\u2019une tendance : c\u2019est une mani\u00e8re consciente de prendre soin de son corps sans renoncer au respect de l\u2019environnement.\" \/>\n<meta property=\"og:url\" content=\"https:\/\/alter-entorn.com\/fr\/cosmetique-naturelle\/\" \/>\n<meta property=\"og:site_name\" content=\"alter-entorn\" \/>\n<meta property=\"article:publisher\" content=\"https:\/\/www.facebook.com\/alterentorn\/\" \/>\n<meta property=\"article:modified_time\" content=\"2025-09-08T19:44:26+00:00\" \/>\n<meta name=\"twitter:card\" content=\"summary_large_image\" \/>\n<meta name=\"twitter:site\" content=\"@alterentorn\" \/>\n<meta name=\"twitter:label1\" content=\"Dur\u00e9e de lecture estim\u00e9e\" \/>\n\t<meta name=\"twitter:data1\" content=\"1 minute\" \/>\n<script type=\"application\/ld+json\" class=\"yoast-schema-graph\">{\"@context\":\"https:\\\/\\\/schema.org\",\"@graph\":[{\"@type\":\"WebPage\",\"@id\":\"https:\\\/\\\/alter-entorn.com\\\/fr\\\/cosmetique-naturelle\\\/\",\"url\":\"https:\\\/\\\/alter-entorn.com\\\/fr\\\/cosmetique-naturelle\\\/\",\"name\":\"Cosm\u00e9tique naturelle - alter-entorn\",\"isPartOf\":{\"@id\":\"https:\\\/\\\/alter-entorn.com\\\/fr\\\/#website\"},\"datePublished\":\"2025-09-08T18:52:59+00:00\",\"dateModified\":\"2025-09-08T19:44:26+00:00\",\"description\":\"La cosm\u00e9tique naturelle est bien plus qu\u2019une tendance : c\u2019est une mani\u00e8re consciente de prendre soin de son corps sans renoncer au respect de l\u2019environnement.\",\"breadcrumb\":{\"@id\":\"https:\\\/\\\/alter-entorn.com\\\/fr\\\/cosmetique-naturelle\\\/#breadcrumb\"},\"inLanguage\":\"fr-FR\",\"potentialAction\":[{\"@type\":\"ReadAction\",\"target\":[\"https:\\\/\\\/alter-entorn.com\\\/fr\\\/cosmetique-naturelle\\\/\"]}]},{\"@type\":\"BreadcrumbList\",\"@id\":\"https:\\\/\\\/alter-entorn.com\\\/fr\\\/cosmetique-naturelle\\\/#breadcrumb\",\"itemListElement\":[{\"@type\":\"ListItem\",\"position\":1,\"name\":\"Portada\",\"item\":\"https:\\\/\\\/alter-entorn.com\\\/fr\\\/\"},{\"@type\":\"ListItem\",\"position\":2,\"name\":\"Cosm\u00e9tique naturelle\"}]},{\"@type\":\"WebSite\",\"@id\":\"https:\\\/\\\/alter-entorn.com\\\/fr\\\/#website\",\"url\":\"https:\\\/\\\/alter-entorn.com\\\/fr\\\/\",\"name\":\"alter-entorn\",\"description\":\"Soluciones Microbiol\u00f3gicas probi\u00f3ticos\",\"publisher\":{\"@id\":\"https:\\\/\\\/alter-entorn.com\\\/fr\\\/#organization\"},\"potentialAction\":[{\"@type\":\"SearchAction\",\"target\":{\"@type\":\"EntryPoint\",\"urlTemplate\":\"https:\\\/\\\/alter-entorn.com\\\/fr\\\/?s={search_term_string}\"},\"query-input\":{\"@type\":\"PropertyValueSpecification\",\"valueRequired\":true,\"valueName\":\"search_term_string\"}}],\"inLanguage\":\"fr-FR\"},{\"@type\":\"Organization\",\"@id\":\"https:\\\/\\\/alter-entorn.com\\\/fr\\\/#organization\",\"name\":\"alter-entorn\",\"url\":\"https:\\\/\\\/alter-entorn.com\\\/fr\\\/\",\"logo\":{\"@type\":\"ImageObject\",\"inLanguage\":\"fr-FR\",\"@id\":\"https:\\\/\\\/alter-entorn.com\\\/fr\\\/#\\\/schema\\\/logo\\\/image\\\/\",\"url\":\"https:\\\/\\\/alter-entorn.com\\\/wp-content\\\/uploads\\\/2018\\\/10\\\/logo_alter_entorn-sin-texto-1.png\",\"contentUrl\":\"https:\\\/\\\/alter-entorn.com\\\/wp-content\\\/uploads\\\/2018\\\/10\\\/logo_alter_entorn-sin-texto-1.png\",\"width\":246,\"height\":68,\"caption\":\"alter-entorn\"},\"image\":{\"@id\":\"https:\\\/\\\/alter-entorn.com\\\/fr\\\/#\\\/schema\\\/logo\\\/image\\\/\"},\"sameAs\":[\"https:\\\/\\\/www.facebook.com\\\/alterentorn\\\/\",\"https:\\\/\\\/x.com\\\/alterentorn\"]}]}<\/script>\n<!-- \/ Yoast SEO plugin. -->","yoast_head_json":{"title":"Cosm\u00e9tique naturelle - alter-entorn","description":"La cosm\u00e9tique naturelle est bien plus qu\u2019une tendance : c\u2019est une mani\u00e8re consciente de prendre soin de son corps sans renoncer au respect de l\u2019environnement.","robots":{"index":"index","follow":"follow","max-snippet":"max-snippet:-1","max-image-preview":"max-image-preview:large","max-video-preview":"max-video-preview:-1"},"canonical":"https:\/\/alter-entorn.com\/fr\/cosmetique-naturelle\/","og_locale":"fr_FR","og_type":"article","og_title":"Cosm\u00e9tique naturelle - alter-entorn","og_description":"La cosm\u00e9tique naturelle est bien plus qu\u2019une tendance : c\u2019est une mani\u00e8re consciente de prendre soin de son corps sans renoncer au respect de l\u2019environnement.","og_url":"https:\/\/alter-entorn.com\/fr\/cosmetique-naturelle\/","og_site_name":"alter-entorn","article_publisher":"https:\/\/www.facebook.com\/alterentorn\/","article_modified_time":"2025-09-08T19:44:26+00:00","twitter_card":"summary_large_image","twitter_site":"@alterentorn","twitter_misc":{"Dur\u00e9e de lecture estim\u00e9e":"1 minute"},"schema":{"@context":"https:\/\/schema.org","@graph":[{"@type":"WebPage","@id":"https:\/\/alter-entorn.com\/fr\/cosmetique-naturelle\/","url":"https:\/\/alter-entorn.com\/fr\/cosmetique-naturelle\/","name":"Cosm\u00e9tique naturelle - alter-entorn","isPartOf":{"@id":"https:\/\/alter-entorn.com\/fr\/#website"},"datePublished":"2025-09-08T18:52:59+00:00","dateModified":"2025-09-08T19:44:26+00:00","description":"La cosm\u00e9tique naturelle est bien plus qu\u2019une tendance : c\u2019est une mani\u00e8re consciente de prendre soin de son corps sans renoncer au respect de l\u2019environnement.","breadcrumb":{"@id":"https:\/\/alter-entorn.com\/fr\/cosmetique-naturelle\/#breadcrumb"},"inLanguage":"fr-FR","potentialAction":[{"@type":"ReadAction","target":["https:\/\/alter-entorn.com\/fr\/cosmetique-naturelle\/"]}]},{"@type":"BreadcrumbList","@id":"https:\/\/alter-entorn.com\/fr\/cosmetique-naturelle\/#breadcrumb","itemListElement":[{"@type":"ListItem","position":1,"name":"Portada","item":"https:\/\/alter-entorn.com\/fr\/"},{"@type":"ListItem","position":2,"name":"Cosm\u00e9tique naturelle"}]},{"@type":"WebSite","@id":"https:\/\/alter-entorn.com\/fr\/#website","url":"https:\/\/alter-entorn.com\/fr\/","name":"alter-entorn","description":"Soluciones Microbiol\u00f3gicas probi\u00f3ticos","publisher":{"@id":"https:\/\/alter-entorn.com\/fr\/#organization"},"potentialAction":[{"@type":"SearchAction","target":{"@type":"EntryPoint","urlTemplate":"https:\/\/alter-entorn.com\/fr\/?s={search_term_string}"},"query-input":{"@type":"PropertyValueSpecification","valueRequired":true,"valueName":"search_term_string"}}],"inLanguage":"fr-FR"},{"@type":"Organization","@id":"https:\/\/alter-entorn.com\/fr\/#organization","name":"alter-entorn","url":"https:\/\/alter-entorn.com\/fr\/","logo":{"@type":"ImageObject","inLanguage":"fr-FR","@id":"https:\/\/alter-entorn.com\/fr\/#\/schema\/logo\/image\/","url":"https:\/\/alter-entorn.com\/wp-content\/uploads\/2018\/10\/logo_alter_entorn-sin-texto-1.png","contentUrl":"https:\/\/alter-entorn.com\/wp-content\/uploads\/2018\/10\/logo_alter_entorn-sin-texto-1.png","width":246,"height":68,"caption":"alter-entorn"},"image":{"@id":"https:\/\/alter-entorn.com\/fr\/#\/schema\/logo\/image\/"},"sameAs":["https:\/\/www.facebook.com\/alterentorn\/","https:\/\/x.com\/alterentorn"]}]}},"_links":{"self":[{"href":"https:\/\/alter-entorn.com\/fr\/wp-json\/wp\/v2\/pages\/10582","targetHints":{"allow":["GET"]}}],"collection":[{"href":"https:\/\/alter-entorn.com\/fr\/wp-json\/wp\/v2\/pages"}],"about":[{"href":"https:\/\/alter-entorn.com\/fr\/wp-json\/wp\/v2\/types\/page"}],"author":[{"embeddable":true,"href":"https:\/\/alter-entorn.com\/fr\/wp-json\/wp\/v2\/users\/312"}],"replies":[{"embeddable":true,"href":"https:\/\/alter-entorn.com\/fr\/wp-json\/wp\/v2\/comments?post=10582"}],"version-history":[{"count":7,"href":"https:\/\/alter-entorn.com\/fr\/wp-json\/wp\/v2\/pages\/10582\/revisions"}],"predecessor-version":[{"id":10657,"href":"https:\/\/alter-entorn.com\/fr\/wp-json\/wp\/v2\/pages\/10582\/revisions\/10657"}],"wp:attachment":[{"href":"https:\/\/alter-entorn.com\/fr\/wp-json\/wp\/v2\/media?parent=10582"}],"curies":[{"name":"wp","href":"https:\/\/api.w.org\/{rel}","templated":true}]}}