{"id":5575,"date":"2018-06-21T12:20:33","date_gmt":"2018-06-21T10:20:33","guid":{"rendered":"http:\/\/alter-entorn.com\/mentions-legales-et-conditions-generales\/"},"modified":"2023-10-18T11:19:11","modified_gmt":"2023-10-18T09:19:11","slug":"mentions-legales-et-conditions-generales","status":"publish","type":"page","link":"https:\/\/alter-entorn.com\/fr\/mentions-legales-et-conditions-generales\/","title":{"rendered":"Mentions l\u00e9gales et conditions g\u00e9n\u00e9rales"},"content":{"rendered":"\n<h2 class=\"wp-block-heading\"><strong>Mentions l\u00e9gales<\/strong><\/h2>\n\n\n\n<p>Ce site Internet est h\u00e9berg\u00e9 par <strong>ALTER ENTORN S.L<\/strong>., avec NIF B43862473, adresse Buenos Aires 1 3\u00ba, 43747 Benissanet (Tarragona), est constitu\u00e9 des sites internet associ\u00e9s aux domaines alter-entorn.com<\/p>\n\n\n\n<p><strong>Propri\u00e9t\u00e9 intellectuelle et industrielle<\/strong><\/p>\n\n\n\n<p>La conception du portail et de ses codes sources, ainsi que les logos, marques et autres signes distinctifs qui y figurent, appartiennent \u00e0 <strong>ALTER ENTORN S.L.<\/strong> et sont prot\u00e9g\u00e9s par les droits de propri\u00e9t\u00e9 intellectuelle et industrielle correspondants.<\/p>\n\n\n\n<p><strong>ALTER ENTORN SL,<\/strong> est propri\u00e9taire de tous les droits sur le logiciel de la publication num\u00e9rique ainsi que les droits de propri\u00e9t\u00e9 industrielle et intellectuelle renvoy\u00e9s aux contenus qui sont inclus, \u00e0 l&rsquo;exception des droits sur les produits et services de nature publique qui ne sont pas appartenant \u00e0 cette soci\u00e9t\u00e9.<\/p>\n\n\n\n<p>Toutes les informations re\u00e7ues sur le Web, telles que des commentaires, des suggestions ou des id\u00e9es, seront consid\u00e9r\u00e9es comme attribu\u00e9es gratuitement \u00e0 <strong>ALTER ENTORN S.L.<\/strong> Aucune information ne doit \u00eatre envoy\u00e9e qui ne peut <strong>PAS<\/strong> \u00eatre trait\u00e9e de cette mani\u00e8re.<\/p>\n\n\n\n<p><strong>Responsabilit\u00e9 pour le contenu<\/strong><\/p>\n\n\n\n<p><strong>ALTER ENTORN S.L.,<\/strong> n&rsquo;est pas responsable de la l\u00e9galit\u00e9 d&rsquo;autres sites Web de tiers \u00e0 partir de laquelle le portail peut \u00eatre consult\u00e9. <strong>ALTER ENTORN S.L<\/strong>., ne r\u00e9pond pas de la l\u00e9galit\u00e9 d&rsquo;autres sites de tiers, qui peuvent \u00eatre li\u00e9s ou li\u00e9s \u00e0 partir de ce portail.<\/p>\n\n\n\n<p><strong>ALTER ENTORN S.L.,<\/strong> se r\u00e9serve le droit d&rsquo;apporter des modifications au site Web sans pr\u00e9avis, afin de garder vos informations \u00e0 jour, en ajoutant, modifiant, corrigeant ou \u00e9liminant les contenus publi\u00e9s ou la conception du portail.<\/p>\n\n\n\n<p><strong>ALTER ENTORN S.L.<\/strong>&nbsp;ne doit pas \u00eatre tenu responsable de toute utilisation que des tiers peuvent faire des informations diffus\u00e9es sur le site, ni pour les dommages ou les pertes \u00e9conomiques, de produire directement ou indirectement, peut provoquer des dommages \u00e9conomiques, mat\u00e9riels ou donn\u00e9es caus\u00e9es par l&rsquo;utilisation de ces informations. Cependant, en tenant compte de l&rsquo;art. 11 et 16 de la CE LSSI-, <strong>ALTER ENTORN S.L<\/strong>, est engag\u00e9 au contenu retrait ou \u00e9ventuellement de blocage qui pourrait affecter ou violer le droit national ou international, les droits ou la morale et l&rsquo;ordre public.<\/p>\n\n\n\n<p>La soci\u00e9t\u00e9 ne sera pas non plus responsable des dommages qui pourraient survenir en cas de d\u00e9faillance ou de mauvaise configuration du logiciel install\u00e9 sur l&rsquo;ordinateur de l&rsquo;internaute. Il exclut toute responsabilit\u00e9 pour tout incident technique ou panne qui se produit lorsque l&rsquo;utilisateur se connecte \u00e0 Internet. De m\u00eame, l&rsquo;absence d&rsquo;interruptions ou d&rsquo;erreurs dans l&rsquo;acc\u00e8s au site n&rsquo;est pas garantie.<\/p>\n\n\n\n<p><strong>Reproduction de contenu<\/strong><\/p>\n\n\n\n<p>La reproduction totale ou partielle des contenus publi\u00e9s sur le portail est interdite. Sans le consentement \u00e9crit de <strong>ALTER ENTORN S.L.,<\/strong><\/p>\n\n\n\n<p><strong>Bureau \u00e9lectronique<\/strong><\/p>\n\n\n\n<p>Conform\u00e9ment aux dispositions de l&rsquo;article 7 du d\u00e9cret royal 1671\/2009 du 6 novembre, qui d\u00e9veloppe partiellement la loi 11\/2007 du 22 juin, relative \u00e0 l&rsquo;acc\u00e8s \u00e9lectronique des citoyens aux services publics, <strong>ALTER ENTORN SL,<\/strong> sera responsable de l&rsquo;int\u00e9grit\u00e9, de la v\u00e9racit\u00e9 et de la mise \u00e0 jour des informations et des services accessibles via son si\u00e8ge \u00e9lectronique <strong>(www.alter-entorn.com)<\/strong><\/p>\n\n\n\n<p><strong>Loi applicable<\/strong><\/p>\n\n\n\n<p>La loi applicable en cas de litige ou de conflit d&rsquo;interpr\u00e9tation des termes qui composent la pr\u00e9sente notice l\u00e9gale, ainsi que toute question li\u00e9e aux services de ce portail, sera la loi espagnole.<\/p>\n\n\n\n<hr class=\"wp-block-separator has-alpha-channel-opacity\"\/>\n\n\n\n<h3 class=\"wp-block-heading\">&nbsp;<\/h3>\n\n\n\n<h2 class=\"wp-block-heading\">Conditions g\u00e9n\u00e9rales<\/h2>\n\n\n\n<h3 class=\"wp-block-heading\">1- G\u00e9n\u00e9ral<\/h3>\n\n\n\n<p>Ces conditions g\u00e9n\u00e9rales de vente s&rsquo;appliquent strictement \u00e0 toutes les ventes de produits fabriqu\u00e9s en Espagne, y compris les \u00eeles Canaries et les \u00eeles Bal\u00e9ares par Alter Entorn, avec C.I.F. num\u00e9ro B-43862473, ci-apr\u00e8s la soci\u00e9t\u00e9, pour les particuliers.<\/p>\n\n\n\n<p>Toute commande faite \u00e0 www.alter-entorn.com implique n\u00e9cessairement, comme condition essentielle, d\u00e9cisive et essentielle, l&rsquo;acceptation sans r\u00e9serve par le Client des Conditions G\u00e9n\u00e9rales de Vente de la soci\u00e9t\u00e9 en vigueur au jour de la commande. correspondante En outre, le Client reconna\u00eet que l&rsquo;acceptation de ces conditions impliquera l&rsquo;application de celles-ci \u00e0 la commande \u00e0 laquelle elles se r\u00e9f\u00e8rent, ainsi qu&rsquo;\u00e0 toute commande ult\u00e9rieure, sauf dans les cas o\u00f9 de nouvelles conditions sont port\u00e9es \u00e0 l&rsquo;attention de la soci\u00e9t\u00e9. Le fait que la soci\u00e9t\u00e9 ne recourt \u00e0 aucun moment \u00e0 l&rsquo;une quelconque des pr\u00e9sentes conditions ne peut \u00eatre interpr\u00e9t\u00e9 ni \u00e9quivaudra \u00e0 renoncer \u00e0 leur recours dans le futur ou dans le pass\u00e9.<\/p>\n\n\n\n<p>Loi applicable et juridiction comp\u00e9tente. L&rsquo;interpr\u00e9tation et l&rsquo;ex\u00e9cution des conditions, ainsi que tous les actes qui en d\u00e9coulent, seront soumises \u00e0 la loi espagnole, \u00e0 moins qu&rsquo;il n&rsquo;y ait des dispositions d&rsquo;ordre public contraires.<\/p>\n\n\n\n<h3 class=\"wp-block-heading\">2- Les prix<\/h3>\n\n\n\n<p>Les prix publi\u00e9s sur www.alter-entorn.com sont en Euros et sont valables sauf pour les erreurs typographiques. Tous les prix s&rsquo;entendent TVA incluse applicable le jour de la commande, tout changement de taux de TVA s&rsquo;appliquera automatiquement aux prix des produits en vente sur www.alter-entorn.com. Les offres sur les produits en vente sur www.alter-entorn.com seront indiqu\u00e9es dans la section \u00ab\u00a0Offres\u00a0\u00bb ou seront indiqu\u00e9es sur la fiche produit et, sauf indication contraire, seront valables tant qu&rsquo;elles sont affich\u00e9es \u00e0 l&rsquo;\u00e9cran.<\/p>\n\n\n\n<h3 class=\"wp-block-heading\">3- Diff\u00e9rents modes de paiement<\/h3>\n\n\n\n<p>Lors de la commande, le client peut librement choisir de r\u00e9gler les achats effectu\u00e9s sur www.alter-entorn.com en esp\u00e8ces \u00e0 la livraison, par virement bancaire ou par carte de cr\u00e9dit.<\/p>\n\n\n\n<h3 class=\"wp-block-heading\">4- Produit<\/h3>\n\n\n\n<p>Les offres pr\u00e9sent\u00e9es par la soci\u00e9t\u00e9 sont valables dans la limite des stocks disponibles. La soci\u00e9t\u00e9 se r\u00e9serve le droit de modifier l&rsquo;assortiment de produits en fonction des difficult\u00e9s impos\u00e9es par ses fournisseurs.<\/p>\n\n\n\n<p>Les photographies, graphismes et descriptions des produits propos\u00e9s \u00e0 la vente ne sont qu&rsquo;indicatifs et n&rsquo;engagent en aucune mani\u00e8re le vendeur alter-entorn.<\/p>\n\n\n\n<h3 class=\"wp-block-heading\">5- Exp\u00e9ditions<\/h3>\n\n\n\n<p>Les produits achet\u00e9s seront livr\u00e9s \u00e0 la personne et \u00e0 l&rsquo;adresse indiqu\u00e9e dans la commande.<br>Le d\u00e9lai de livraison est de 1 \u00e0 4 jours ouvrables.<br>Par d\u00e9faut, les factures seront envoy\u00e9es \u00e0 l&rsquo;adresse mail indiqu\u00e9e par le client lors de son inscription \u00e0 alter-entorn.<br>Les samedis, dimanches et jours f\u00e9ri\u00e9s, il n&rsquo;y aura pas de livraison ou de livraison des commandes.<br>Cependant, votre retard n&rsquo;impliquera ni n&rsquo;annulera la commande ou la compensation.<br>Une commande est consid\u00e9r\u00e9e comme livr\u00e9e au moment o\u00f9 le transporteur livre le colis ou les colis au client et le client signe le re\u00e7u de livraison. Il appartient au client de v\u00e9rifier l&rsquo;\u00e9tat de la marchandise d\u00e8s r\u00e9ception et d&rsquo;indiquer toute anomalie sur le bon de livraison.<br>Pour les envois en dehors de l&rsquo;Espagne et du Portugal, contactez-nous.<\/p>\n\n\n\n<h3 class=\"wp-block-heading\">6- Politiques de retour et d&rsquo;annulation<\/h3>\n\n\n\n<h4 class=\"wp-block-heading\">6-1 Retour de marchandise<\/h4>\n\n\n\n<p>Vous avez le droit de r\u00e9silier ce contrat dans un d\u00e9lai de 14 jours calendaires sans qu&rsquo;il soit n\u00e9cessaire justification. Le d\u00e9lai de r\u00e9tractation expirera apr\u00e8s 14 jours calendaires \u00e0 conter du jour o\u00f9 vous ou un tiers pour vous indiqu\u00e9, autre que le transporteur, a acquis la possession mat\u00e9rielle du dernier de ces biens.<\/p>\n\n\n\n<p>Pour exercer le droit de r\u00e9tractation, vous devez vous nous avisez: alter.entorn s.l. c\/Buenos aires 1 , 43747 Benissanet, tel\u00e9fon +34 977 407 788, \u00a0 alter-entorn@alter-entorn.com votre d\u00e9cision de r\u00e9silier le contrat par une d\u00e9claration sans ambigu\u00eft\u00e9 (par exemple, une lettre envoy\u00e9e par courrier postal, fax ou email). Pourra utiliser le mod\u00e8le de formulaire de r\u00e9tractation qui figure ci-dessous, bien que son utilisation ne soit pas obligatoire.<\/p>\n\n\n\n<p>Pour respecter le d\u00e9lai de r\u00e9tractation, il suffit de que la communication relative \u00e0 l&rsquo;exercice pour sa part de ce droit soit envoy\u00e9e avant que le d\u00e9lai correspondant expire.<\/p>\n\n\n\n<p>Cons\u00e9quences du retrait En cas de d\u00e9sistement de votre part, nous vous rembourserons tous les paiements re\u00e7us de votre part, frais de livraison compris (\u00e0 l&rsquo;exception des d\u00e9penses suppl\u00e9mentaires r\u00e9sultant de l&rsquo;\u00e9lection pour sa part d&rsquo;un mode de livraison diff\u00e9rent au mode de livraison ordinaire le moins cher que nous proposons) sans retard injustifi\u00e9 et, en en tout \u00e9tat de cause, au plus tard 14 jours calendaires \u00e0 compter de de la date \u00e0 laquelle nous sommes inform\u00e9s de votre d\u00e9cision de r\u00e9silier ce contrat. Nous proc\u00e9derons \u00e0 effectuer le dit remboursement par les m\u00eames moyens de paiement utilis\u00e9 par vous pour la transaction initiale, sauf si vous le souhaitez express\u00e9ment le contraire; en tout cas non n&rsquo;engagera aucune d\u00e9pense en raison de la remboursement. Nous pouvons retenir le remboursement jusqu&rsquo;\u00e0 avoir re\u00e7u les marchandises, ou jusqu&rsquo;\u00e0 ce que vous ayez pr\u00e9sent\u00e9 une preuve du retour eux-m\u00eames, selon la condition qui est remplie en premier. Vous devez nous retourner ou nous livrer marchandises directement ou \u00e0 [ins\u00e9rer le nom et l&rsquo;adresse, le cas \u00e9ch\u00e9ant, de la personne autoris\u00e9e par vous pour recevoir la marchandise], sans aucun d\u00e9lai injustifi\u00e9e et, en tout \u00e9tat de cause, au plus tard d\u00e9lai de 14 jours calendaires \u00e0 compter de la date de la notification &nbsp;de votre d\u00e9cision de vous retirer du contrat. Le d\u00e9lai sera consid\u00e9r\u00e9 comme respect\u00e9 si renvoie la marchandise avant le dit d\u00e9lai est expir\u00e9. [Vous devez supposer le co\u00fbt direct du retour des marchandises]. Vous serez uniquement responsable de la diminution valeur des biens r\u00e9sultant d&rsquo;une manipulation autres que ceux n\u00e9cessaires \u00e0 l&rsquo;\u00e9tablissement du nature, caract\u00e9ristiques et fonctionnement des marchandises.<\/p>\n\n\n\n<h4 class=\"wp-block-heading\">6-2 Annulation de la commande<\/h4>\n\n\n\n<p>Si l&rsquo;annulation de la commande arrive avant le d\u00e9part des marchandises, le client n&rsquo;aura aucune d\u00e9pense. En cas d&rsquo;annulation apr\u00e8s la validation de la commande, le client sera responsable des frais de port ainsi que des frais de retour de cette m\u00eame commande.<\/p>\n\n\n\n<p>binfor<\/p>\n","protected":false},"excerpt":{"rendered":"<p>Mentions l\u00e9gales Ce site Internet est h\u00e9berg\u00e9 par ALTER ENTORN S.L., avec NIF B43862473, adresse Buenos Aires 1 3\u00ba, 43747 Benissanet (Tarragona), est constitu\u00e9 des sites internet associ\u00e9s aux domaines alter-entorn.com Propri\u00e9t\u00e9 intellectuelle et industrielle La conception du portail et de ses codes sources, ainsi que les logos, marques et autres signes distinctifs qui y [&hellip;]<\/p>\n","protected":false},"author":1,"featured_media":0,"parent":0,"menu_order":0,"comment_status":"closed","ping_status":"closed","template":"","meta":{"_joinchat":[],"footnotes":""},"class_list":["post-5575","page","type-page","status-publish","hentry"],"yoast_head":"<!-- This site is optimized with the Yoast SEO plugin v27.4 - https:\/\/yoast.com\/product\/yoast-seo-wordpress\/ -->\n<title>Informations l\u00e9gales et conditions g\u00e9n\u00e9rales d&#039;alter-entorn<\/title>\n<meta name=\"description\" content=\"www.alter-entorn.com appartient \u00e0 Alter Entorn, S.L., dont le si\u00e8ge social est situ\u00e9 \u00e0 Benissanet, Tarragona. Vous pouvez nous contacter au 977407788\" \/>\n<meta name=\"robots\" content=\"index, follow, max-snippet:-1, max-image-preview:large, max-video-preview:-1\" \/>\n<link rel=\"canonical\" href=\"https:\/\/alter-entorn.com\/fr\/mentions-legales-et-conditions-generales\/\" \/>\n<meta property=\"og:locale\" content=\"fr_FR\" \/>\n<meta property=\"og:type\" content=\"article\" \/>\n<meta property=\"og:title\" content=\"Informations l\u00e9gales et conditions g\u00e9n\u00e9rales d&#039;alter-entorn\" \/>\n<meta property=\"og:description\" content=\"www.alter-entorn.com appartient \u00e0 Alter Entorn, S.L., dont le si\u00e8ge social est situ\u00e9 \u00e0 Benissanet, Tarragona. Vous pouvez nous contacter au 977407788\" \/>\n<meta property=\"og:url\" content=\"https:\/\/alter-entorn.com\/fr\/mentions-legales-et-conditions-generales\/\" \/>\n<meta property=\"og:site_name\" content=\"alter-entorn\" \/>\n<meta property=\"article:publisher\" content=\"https:\/\/www.facebook.com\/alterentorn\/\" \/>\n<meta property=\"article:modified_time\" content=\"2023-10-18T09:19:11+00:00\" \/>\n<meta name=\"twitter:card\" content=\"summary_large_image\" \/>\n<meta name=\"twitter:site\" content=\"@alterentorn\" \/>\n<meta name=\"twitter:label1\" content=\"Dur\u00e9e de lecture estim\u00e9e\" \/>\n\t<meta name=\"twitter:data1\" content=\"7 minutes\" \/>\n<script type=\"application\/ld+json\" class=\"yoast-schema-graph\">{\"@context\":\"https:\\\/\\\/schema.org\",\"@graph\":[{\"@type\":\"WebPage\",\"@id\":\"https:\\\/\\\/alter-entorn.com\\\/fr\\\/mentions-legales-et-conditions-generales\\\/\",\"url\":\"https:\\\/\\\/alter-entorn.com\\\/fr\\\/mentions-legales-et-conditions-generales\\\/\",\"name\":\"Informations l\u00e9gales et conditions g\u00e9n\u00e9rales d'alter-entorn\",\"isPartOf\":{\"@id\":\"https:\\\/\\\/alter-entorn.com\\\/fr\\\/#website\"},\"datePublished\":\"2018-06-21T10:20:33+00:00\",\"dateModified\":\"2023-10-18T09:19:11+00:00\",\"description\":\"www.alter-entorn.com appartient \u00e0 Alter Entorn, S.L., dont le si\u00e8ge social est situ\u00e9 \u00e0 Benissanet, Tarragona. Vous pouvez nous contacter au 977407788\",\"breadcrumb\":{\"@id\":\"https:\\\/\\\/alter-entorn.com\\\/fr\\\/mentions-legales-et-conditions-generales\\\/#breadcrumb\"},\"inLanguage\":\"fr-FR\",\"potentialAction\":[{\"@type\":\"ReadAction\",\"target\":[\"https:\\\/\\\/alter-entorn.com\\\/fr\\\/mentions-legales-et-conditions-generales\\\/\"]}]},{\"@type\":\"BreadcrumbList\",\"@id\":\"https:\\\/\\\/alter-entorn.com\\\/fr\\\/mentions-legales-et-conditions-generales\\\/#breadcrumb\",\"itemListElement\":[{\"@type\":\"ListItem\",\"position\":1,\"name\":\"Portada\",\"item\":\"https:\\\/\\\/alter-entorn.com\\\/fr\\\/\"},{\"@type\":\"ListItem\",\"position\":2,\"name\":\"Mentions l\u00e9gales et conditions g\u00e9n\u00e9rales\"}]},{\"@type\":\"WebSite\",\"@id\":\"https:\\\/\\\/alter-entorn.com\\\/fr\\\/#website\",\"url\":\"https:\\\/\\\/alter-entorn.com\\\/fr\\\/\",\"name\":\"alter-entorn\",\"description\":\"Soluciones Microbiol\u00f3gicas probi\u00f3ticos\",\"publisher\":{\"@id\":\"https:\\\/\\\/alter-entorn.com\\\/fr\\\/#organization\"},\"potentialAction\":[{\"@type\":\"SearchAction\",\"target\":{\"@type\":\"EntryPoint\",\"urlTemplate\":\"https:\\\/\\\/alter-entorn.com\\\/fr\\\/?s={search_term_string}\"},\"query-input\":{\"@type\":\"PropertyValueSpecification\",\"valueRequired\":true,\"valueName\":\"search_term_string\"}}],\"inLanguage\":\"fr-FR\"},{\"@type\":\"Organization\",\"@id\":\"https:\\\/\\\/alter-entorn.com\\\/fr\\\/#organization\",\"name\":\"alter-entorn\",\"url\":\"https:\\\/\\\/alter-entorn.com\\\/fr\\\/\",\"logo\":{\"@type\":\"ImageObject\",\"inLanguage\":\"fr-FR\",\"@id\":\"https:\\\/\\\/alter-entorn.com\\\/fr\\\/#\\\/schema\\\/logo\\\/image\\\/\",\"url\":\"https:\\\/\\\/alter-entorn.com\\\/wp-content\\\/uploads\\\/2018\\\/10\\\/logo_alter_entorn-sin-texto-1.png\",\"contentUrl\":\"https:\\\/\\\/alter-entorn.com\\\/wp-content\\\/uploads\\\/2018\\\/10\\\/logo_alter_entorn-sin-texto-1.png\",\"width\":246,\"height\":68,\"caption\":\"alter-entorn\"},\"image\":{\"@id\":\"https:\\\/\\\/alter-entorn.com\\\/fr\\\/#\\\/schema\\\/logo\\\/image\\\/\"},\"sameAs\":[\"https:\\\/\\\/www.facebook.com\\\/alterentorn\\\/\",\"https:\\\/\\\/x.com\\\/alterentorn\"]}]}<\/script>\n<!-- \/ Yoast SEO plugin. -->","yoast_head_json":{"title":"Informations l\u00e9gales et conditions g\u00e9n\u00e9rales d'alter-entorn","description":"www.alter-entorn.com appartient \u00e0 Alter Entorn, S.L., dont le si\u00e8ge social est situ\u00e9 \u00e0 Benissanet, Tarragona. Vous pouvez nous contacter au 977407788","robots":{"index":"index","follow":"follow","max-snippet":"max-snippet:-1","max-image-preview":"max-image-preview:large","max-video-preview":"max-video-preview:-1"},"canonical":"https:\/\/alter-entorn.com\/fr\/mentions-legales-et-conditions-generales\/","og_locale":"fr_FR","og_type":"article","og_title":"Informations l\u00e9gales et conditions g\u00e9n\u00e9rales d'alter-entorn","og_description":"www.alter-entorn.com appartient \u00e0 Alter Entorn, S.L., dont le si\u00e8ge social est situ\u00e9 \u00e0 Benissanet, Tarragona. Vous pouvez nous contacter au 977407788","og_url":"https:\/\/alter-entorn.com\/fr\/mentions-legales-et-conditions-generales\/","og_site_name":"alter-entorn","article_publisher":"https:\/\/www.facebook.com\/alterentorn\/","article_modified_time":"2023-10-18T09:19:11+00:00","twitter_card":"summary_large_image","twitter_site":"@alterentorn","twitter_misc":{"Dur\u00e9e de lecture estim\u00e9e":"7 minutes"},"schema":{"@context":"https:\/\/schema.org","@graph":[{"@type":"WebPage","@id":"https:\/\/alter-entorn.com\/fr\/mentions-legales-et-conditions-generales\/","url":"https:\/\/alter-entorn.com\/fr\/mentions-legales-et-conditions-generales\/","name":"Informations l\u00e9gales et conditions g\u00e9n\u00e9rales d'alter-entorn","isPartOf":{"@id":"https:\/\/alter-entorn.com\/fr\/#website"},"datePublished":"2018-06-21T10:20:33+00:00","dateModified":"2023-10-18T09:19:11+00:00","description":"www.alter-entorn.com appartient \u00e0 Alter Entorn, S.L., dont le si\u00e8ge social est situ\u00e9 \u00e0 Benissanet, Tarragona. Vous pouvez nous contacter au 977407788","breadcrumb":{"@id":"https:\/\/alter-entorn.com\/fr\/mentions-legales-et-conditions-generales\/#breadcrumb"},"inLanguage":"fr-FR","potentialAction":[{"@type":"ReadAction","target":["https:\/\/alter-entorn.com\/fr\/mentions-legales-et-conditions-generales\/"]}]},{"@type":"BreadcrumbList","@id":"https:\/\/alter-entorn.com\/fr\/mentions-legales-et-conditions-generales\/#breadcrumb","itemListElement":[{"@type":"ListItem","position":1,"name":"Portada","item":"https:\/\/alter-entorn.com\/fr\/"},{"@type":"ListItem","position":2,"name":"Mentions l\u00e9gales et conditions g\u00e9n\u00e9rales"}]},{"@type":"WebSite","@id":"https:\/\/alter-entorn.com\/fr\/#website","url":"https:\/\/alter-entorn.com\/fr\/","name":"alter-entorn","description":"Soluciones Microbiol\u00f3gicas probi\u00f3ticos","publisher":{"@id":"https:\/\/alter-entorn.com\/fr\/#organization"},"potentialAction":[{"@type":"SearchAction","target":{"@type":"EntryPoint","urlTemplate":"https:\/\/alter-entorn.com\/fr\/?s={search_term_string}"},"query-input":{"@type":"PropertyValueSpecification","valueRequired":true,"valueName":"search_term_string"}}],"inLanguage":"fr-FR"},{"@type":"Organization","@id":"https:\/\/alter-entorn.com\/fr\/#organization","name":"alter-entorn","url":"https:\/\/alter-entorn.com\/fr\/","logo":{"@type":"ImageObject","inLanguage":"fr-FR","@id":"https:\/\/alter-entorn.com\/fr\/#\/schema\/logo\/image\/","url":"https:\/\/alter-entorn.com\/wp-content\/uploads\/2018\/10\/logo_alter_entorn-sin-texto-1.png","contentUrl":"https:\/\/alter-entorn.com\/wp-content\/uploads\/2018\/10\/logo_alter_entorn-sin-texto-1.png","width":246,"height":68,"caption":"alter-entorn"},"image":{"@id":"https:\/\/alter-entorn.com\/fr\/#\/schema\/logo\/image\/"},"sameAs":["https:\/\/www.facebook.com\/alterentorn\/","https:\/\/x.com\/alterentorn"]}]}},"_links":{"self":[{"href":"https:\/\/alter-entorn.com\/fr\/wp-json\/wp\/v2\/pages\/5575","targetHints":{"allow":["GET"]}}],"collection":[{"href":"https:\/\/alter-entorn.com\/fr\/wp-json\/wp\/v2\/pages"}],"about":[{"href":"https:\/\/alter-entorn.com\/fr\/wp-json\/wp\/v2\/types\/page"}],"author":[{"embeddable":true,"href":"https:\/\/alter-entorn.com\/fr\/wp-json\/wp\/v2\/users\/1"}],"replies":[{"embeddable":true,"href":"https:\/\/alter-entorn.com\/fr\/wp-json\/wp\/v2\/comments?post=5575"}],"version-history":[{"count":0,"href":"https:\/\/alter-entorn.com\/fr\/wp-json\/wp\/v2\/pages\/5575\/revisions"}],"wp:attachment":[{"href":"https:\/\/alter-entorn.com\/fr\/wp-json\/wp\/v2\/media?parent=5575"}],"curies":[{"name":"wp","href":"https:\/\/api.w.org\/{rel}","templated":true}]}}