{"id":4327,"date":"2017-07-02T13:57:54","date_gmt":"2017-07-02T11:57:54","guid":{"rendered":"http:\/\/alter-entorn.com?product=4327"},"modified":"2025-02-14T23:59:38","modified_gmt":"2025-02-14T21:59:38","slug":"baume-levres","status":"publish","type":"product","link":"https:\/\/alter-entorn.com\/fr\/producto\/baume-levres\/","title":{"rendered":"Baume labial Bioemsan (4,8g) &#8211; Cosm\u00e9tique"},"content":{"rendered":"<div class=\"wpb-content-wrapper\"><p>[vc_row][vc_column][vc_column_text]Hydratation compl\u00e8te des l\u00e8vres et cr\u00e8me solaire naturelle. Ce baume est \u00e9galement une base id\u00e9ale pour les rouges \u00e0 l\u00e8vres et peut \u00e9galement \u00eatre utilis\u00e9 dans la zone la plus sensible du contour des yeux pour se prot\u00e9ger du froid.[\/vc_column_text][\/vc_column][\/vc_row]<\/p>\n<\/div>","protected":false},"excerpt":{"rendered":"<p>R\u00e9parateur et protecteur de la peau tr\u00e8s fine des l\u00e8vres, pr\u00e9vient le dess\u00e8chement et les irritations et agit comme un \u00e9cran solaire naturel tout au long de la journ\u00e9e.<\/p>\n<p>Sans conservateurs, sans \u00e9mulsifiants synth\u00e9tiques, transg\u00e9niques, parfums et colorants. Sans cruaut\u00e9.<\/p>\n<p><img loading=\"lazy\" decoding=\"async\" class=\"alignnone size-medium wp-image-6905\" src=\"https:\/\/alter-entorn.com\/wp-content\/uploads\/2017\/07\/sellos-cosmetica-300x169.png\" alt=\"Sellos de cosm\u00e9tica natural y ecol\u00f3gica Bioemsan\" width=\"300\" height=\"169\" srcset=\"https:\/\/alter-entorn.com\/wp-content\/uploads\/2017\/07\/sellos-cosmetica-300x169.png 300w, https:\/\/alter-entorn.com\/wp-content\/uploads\/2017\/07\/sellos-cosmetica-768x432.png 768w, https:\/\/alter-entorn.com\/wp-content\/uploads\/2017\/07\/sellos-cosmetica-1024x576.png 1024w, https:\/\/alter-entorn.com\/wp-content\/uploads\/2017\/07\/sellos-cosmetica-570x321.png 570w, https:\/\/alter-entorn.com\/wp-content\/uploads\/2017\/07\/sellos-cosmetica.png 1920w\" sizes=\"auto, (max-width: 300px) 100vw, 300px\" \/><\/p>\n","protected":false},"featured_media":3545,"template":"","meta":{"_joinchat":[]},"product_brand":[],"product_cat":[115,121],"product_tag":[978,1088,1089,1090,1091,1092,1093,1094,1095,1096],"class_list":{"0":"post-4327","1":"product","2":"type-product","3":"status-publish","4":"has-post-thumbnail","6":"product_cat-sante-et-bien-etre","7":"product_cat-cosmetiques-naturels-hygiene","8":"product_tag-cosmetiques-naturels","9":"product_tag-reparation-des-levres","10":"product_tag-baume-a-levres","11":"product_tag-base-de-rouge-a-levres","12":"product_tag-rouge-a-levres-naturel","13":"product_tag-rouge-a-levres-sans-produits-chimiques","14":"product_tag-rouge-a-levres-sans-produits-chimiques-fr","15":"product_tag-rouge-a-levres-anti-irritant","16":"product_tag-levres-dhydratation","17":"product_tag-rouge-a-levres-hydratant","19":"first","20":"instock","21":"taxable","22":"shipping-taxable","23":"purchasable","24":"product-type-simple"},"yoast_head":"<!-- This site is optimized with the Yoast SEO plugin v27.4 - https:\/\/yoast.com\/product\/yoast-seo-wordpress\/ -->\n<title>Baume \u00e0 l\u00e8vres Biomsan, protecteur naturel pour les l\u00e8vres<\/title>\n<meta name=\"description\" content=\"Baume \u00e0 l\u00e8vres qui prot\u00e8ge la peau des l\u00e8vres, agit comme un hydratant naturel et un \u00e9cran solaire, pr\u00e9vient l&#039;irritation et la s\u00e9cheresse\" \/>\n<meta name=\"robots\" content=\"index, follow, max-snippet:-1, max-image-preview:large, max-video-preview:-1\" \/>\n<link rel=\"canonical\" href=\"https:\/\/alter-entorn.com\/fr\/producto\/baume-levres\/\" \/>\n<meta property=\"og:locale\" content=\"fr_FR\" \/>\n<meta property=\"og:type\" content=\"article\" \/>\n<meta property=\"og:title\" content=\"Baume \u00e0 l\u00e8vres Biomsan, protecteur naturel pour les l\u00e8vres\" \/>\n<meta property=\"og:description\" content=\"Baume \u00e0 l\u00e8vres qui prot\u00e8ge la peau des l\u00e8vres, agit comme un hydratant naturel et un \u00e9cran solaire, pr\u00e9vient l&#039;irritation et la s\u00e9cheresse\" \/>\n<meta property=\"og:url\" content=\"https:\/\/alter-entorn.com\/fr\/producto\/baume-levres\/\" \/>\n<meta property=\"og:site_name\" content=\"alter-entorn\" \/>\n<meta property=\"article:publisher\" content=\"https:\/\/www.facebook.com\/alterentorn\/\" \/>\n<meta property=\"article:modified_time\" content=\"2025-02-14T21:59:38+00:00\" \/>\n<meta property=\"og:image\" content=\"https:\/\/alter-entorn.com\/wp-content\/uploads\/2017\/07\/balsam-labial.png\" \/>\n\t<meta property=\"og:image:width\" content=\"450\" \/>\n\t<meta property=\"og:image:height\" content=\"450\" \/>\n\t<meta property=\"og:image:type\" content=\"image\/png\" \/>\n<meta name=\"twitter:card\" content=\"summary_large_image\" \/>\n<meta name=\"twitter:site\" content=\"@alterentorn\" \/>\n<script type=\"application\/ld+json\" class=\"yoast-schema-graph\">{\"@context\":\"https:\\\/\\\/schema.org\",\"@graph\":[{\"@type\":\"WebPage\",\"@id\":\"https:\\\/\\\/alter-entorn.com\\\/fr\\\/producto\\\/baume-levres\\\/\",\"url\":\"https:\\\/\\\/alter-entorn.com\\\/fr\\\/producto\\\/baume-levres\\\/\",\"name\":\"Baume \u00e0 l\u00e8vres Biomsan, protecteur naturel pour les l\u00e8vres\",\"isPartOf\":{\"@id\":\"https:\\\/\\\/alter-entorn.com\\\/fr\\\/#website\"},\"primaryImageOfPage\":{\"@id\":\"https:\\\/\\\/alter-entorn.com\\\/fr\\\/producto\\\/baume-levres\\\/#primaryimage\"},\"image\":{\"@id\":\"https:\\\/\\\/alter-entorn.com\\\/fr\\\/producto\\\/baume-levres\\\/#primaryimage\"},\"thumbnailUrl\":\"https:\\\/\\\/alter-entorn.com\\\/wp-content\\\/uploads\\\/2017\\\/07\\\/balsam-labial.png\",\"datePublished\":\"2017-07-02T11:57:54+00:00\",\"dateModified\":\"2025-02-14T21:59:38+00:00\",\"description\":\"Baume \u00e0 l\u00e8vres qui prot\u00e8ge la peau des l\u00e8vres, agit comme un hydratant naturel et un \u00e9cran solaire, pr\u00e9vient l'irritation et la s\u00e9cheresse\",\"breadcrumb\":{\"@id\":\"https:\\\/\\\/alter-entorn.com\\\/fr\\\/producto\\\/baume-levres\\\/#breadcrumb\"},\"inLanguage\":\"fr-FR\",\"potentialAction\":[{\"@type\":\"ReadAction\",\"target\":[\"https:\\\/\\\/alter-entorn.com\\\/fr\\\/producto\\\/baume-levres\\\/\"]}]},{\"@type\":\"ImageObject\",\"inLanguage\":\"fr-FR\",\"@id\":\"https:\\\/\\\/alter-entorn.com\\\/fr\\\/producto\\\/baume-levres\\\/#primaryimage\",\"url\":\"https:\\\/\\\/alter-entorn.com\\\/wp-content\\\/uploads\\\/2017\\\/07\\\/balsam-labial.png\",\"contentUrl\":\"https:\\\/\\\/alter-entorn.com\\\/wp-content\\\/uploads\\\/2017\\\/07\\\/balsam-labial.png\",\"width\":450,\"height\":450},{\"@type\":\"BreadcrumbList\",\"@id\":\"https:\\\/\\\/alter-entorn.com\\\/fr\\\/producto\\\/baume-levres\\\/#breadcrumb\",\"itemListElement\":[{\"@type\":\"ListItem\",\"position\":1,\"name\":\"Portada\",\"item\":\"https:\\\/\\\/alter-entorn.com\\\/fr\\\/\"},{\"@type\":\"ListItem\",\"position\":2,\"name\":\"Boutique\",\"item\":\"https:\\\/\\\/alter-entorn.com\\\/tienda\\\/\"},{\"@type\":\"ListItem\",\"position\":3,\"name\":\"Baume labial Bioemsan (4,8g) &#8211; Cosm\u00e9tique\"}]},{\"@type\":\"WebSite\",\"@id\":\"https:\\\/\\\/alter-entorn.com\\\/fr\\\/#website\",\"url\":\"https:\\\/\\\/alter-entorn.com\\\/fr\\\/\",\"name\":\"alter-entorn\",\"description\":\"Soluciones Microbiol\u00f3gicas probi\u00f3ticos\",\"publisher\":{\"@id\":\"https:\\\/\\\/alter-entorn.com\\\/fr\\\/#organization\"},\"potentialAction\":[{\"@type\":\"SearchAction\",\"target\":{\"@type\":\"EntryPoint\",\"urlTemplate\":\"https:\\\/\\\/alter-entorn.com\\\/fr\\\/?s={search_term_string}\"},\"query-input\":{\"@type\":\"PropertyValueSpecification\",\"valueRequired\":true,\"valueName\":\"search_term_string\"}}],\"inLanguage\":\"fr-FR\"},{\"@type\":\"Organization\",\"@id\":\"https:\\\/\\\/alter-entorn.com\\\/fr\\\/#organization\",\"name\":\"alter-entorn\",\"url\":\"https:\\\/\\\/alter-entorn.com\\\/fr\\\/\",\"logo\":{\"@type\":\"ImageObject\",\"inLanguage\":\"fr-FR\",\"@id\":\"https:\\\/\\\/alter-entorn.com\\\/fr\\\/#\\\/schema\\\/logo\\\/image\\\/\",\"url\":\"https:\\\/\\\/alter-entorn.com\\\/wp-content\\\/uploads\\\/2018\\\/10\\\/logo_alter_entorn-sin-texto-1.png\",\"contentUrl\":\"https:\\\/\\\/alter-entorn.com\\\/wp-content\\\/uploads\\\/2018\\\/10\\\/logo_alter_entorn-sin-texto-1.png\",\"width\":246,\"height\":68,\"caption\":\"alter-entorn\"},\"image\":{\"@id\":\"https:\\\/\\\/alter-entorn.com\\\/fr\\\/#\\\/schema\\\/logo\\\/image\\\/\"},\"sameAs\":[\"https:\\\/\\\/www.facebook.com\\\/alterentorn\\\/\",\"https:\\\/\\\/x.com\\\/alterentorn\"]}]}<\/script>\n<!-- \/ Yoast SEO plugin. -->","yoast_head_json":{"title":"Baume \u00e0 l\u00e8vres Biomsan, protecteur naturel pour les l\u00e8vres","description":"Baume \u00e0 l\u00e8vres qui prot\u00e8ge la peau des l\u00e8vres, agit comme un hydratant naturel et un \u00e9cran solaire, pr\u00e9vient l'irritation et la s\u00e9cheresse","robots":{"index":"index","follow":"follow","max-snippet":"max-snippet:-1","max-image-preview":"max-image-preview:large","max-video-preview":"max-video-preview:-1"},"canonical":"https:\/\/alter-entorn.com\/fr\/producto\/baume-levres\/","og_locale":"fr_FR","og_type":"article","og_title":"Baume \u00e0 l\u00e8vres Biomsan, protecteur naturel pour les l\u00e8vres","og_description":"Baume \u00e0 l\u00e8vres qui prot\u00e8ge la peau des l\u00e8vres, agit comme un hydratant naturel et un \u00e9cran solaire, pr\u00e9vient l'irritation et la s\u00e9cheresse","og_url":"https:\/\/alter-entorn.com\/fr\/producto\/baume-levres\/","og_site_name":"alter-entorn","article_publisher":"https:\/\/www.facebook.com\/alterentorn\/","article_modified_time":"2025-02-14T21:59:38+00:00","og_image":[{"width":450,"height":450,"url":"https:\/\/alter-entorn.com\/wp-content\/uploads\/2017\/07\/balsam-labial.png","type":"image\/png"}],"twitter_card":"summary_large_image","twitter_site":"@alterentorn","schema":{"@context":"https:\/\/schema.org","@graph":[{"@type":"WebPage","@id":"https:\/\/alter-entorn.com\/fr\/producto\/baume-levres\/","url":"https:\/\/alter-entorn.com\/fr\/producto\/baume-levres\/","name":"Baume \u00e0 l\u00e8vres Biomsan, protecteur naturel pour les l\u00e8vres","isPartOf":{"@id":"https:\/\/alter-entorn.com\/fr\/#website"},"primaryImageOfPage":{"@id":"https:\/\/alter-entorn.com\/fr\/producto\/baume-levres\/#primaryimage"},"image":{"@id":"https:\/\/alter-entorn.com\/fr\/producto\/baume-levres\/#primaryimage"},"thumbnailUrl":"https:\/\/alter-entorn.com\/wp-content\/uploads\/2017\/07\/balsam-labial.png","datePublished":"2017-07-02T11:57:54+00:00","dateModified":"2025-02-14T21:59:38+00:00","description":"Baume \u00e0 l\u00e8vres qui prot\u00e8ge la peau des l\u00e8vres, agit comme un hydratant naturel et un \u00e9cran solaire, pr\u00e9vient l'irritation et la s\u00e9cheresse","breadcrumb":{"@id":"https:\/\/alter-entorn.com\/fr\/producto\/baume-levres\/#breadcrumb"},"inLanguage":"fr-FR","potentialAction":[{"@type":"ReadAction","target":["https:\/\/alter-entorn.com\/fr\/producto\/baume-levres\/"]}]},{"@type":"ImageObject","inLanguage":"fr-FR","@id":"https:\/\/alter-entorn.com\/fr\/producto\/baume-levres\/#primaryimage","url":"https:\/\/alter-entorn.com\/wp-content\/uploads\/2017\/07\/balsam-labial.png","contentUrl":"https:\/\/alter-entorn.com\/wp-content\/uploads\/2017\/07\/balsam-labial.png","width":450,"height":450},{"@type":"BreadcrumbList","@id":"https:\/\/alter-entorn.com\/fr\/producto\/baume-levres\/#breadcrumb","itemListElement":[{"@type":"ListItem","position":1,"name":"Portada","item":"https:\/\/alter-entorn.com\/fr\/"},{"@type":"ListItem","position":2,"name":"Boutique","item":"https:\/\/alter-entorn.com\/tienda\/"},{"@type":"ListItem","position":3,"name":"Baume labial Bioemsan (4,8g) &#8211; Cosm\u00e9tique"}]},{"@type":"WebSite","@id":"https:\/\/alter-entorn.com\/fr\/#website","url":"https:\/\/alter-entorn.com\/fr\/","name":"alter-entorn","description":"Soluciones Microbiol\u00f3gicas probi\u00f3ticos","publisher":{"@id":"https:\/\/alter-entorn.com\/fr\/#organization"},"potentialAction":[{"@type":"SearchAction","target":{"@type":"EntryPoint","urlTemplate":"https:\/\/alter-entorn.com\/fr\/?s={search_term_string}"},"query-input":{"@type":"PropertyValueSpecification","valueRequired":true,"valueName":"search_term_string"}}],"inLanguage":"fr-FR"},{"@type":"Organization","@id":"https:\/\/alter-entorn.com\/fr\/#organization","name":"alter-entorn","url":"https:\/\/alter-entorn.com\/fr\/","logo":{"@type":"ImageObject","inLanguage":"fr-FR","@id":"https:\/\/alter-entorn.com\/fr\/#\/schema\/logo\/image\/","url":"https:\/\/alter-entorn.com\/wp-content\/uploads\/2018\/10\/logo_alter_entorn-sin-texto-1.png","contentUrl":"https:\/\/alter-entorn.com\/wp-content\/uploads\/2018\/10\/logo_alter_entorn-sin-texto-1.png","width":246,"height":68,"caption":"alter-entorn"},"image":{"@id":"https:\/\/alter-entorn.com\/fr\/#\/schema\/logo\/image\/"},"sameAs":["https:\/\/www.facebook.com\/alterentorn\/","https:\/\/x.com\/alterentorn"]}]}},"_links":{"self":[{"href":"https:\/\/alter-entorn.com\/fr\/wp-json\/wp\/v2\/product\/4327","targetHints":{"allow":["GET"]}}],"collection":[{"href":"https:\/\/alter-entorn.com\/fr\/wp-json\/wp\/v2\/product"}],"about":[{"href":"https:\/\/alter-entorn.com\/fr\/wp-json\/wp\/v2\/types\/product"}],"wp:featuredmedia":[{"embeddable":true,"href":"https:\/\/alter-entorn.com\/fr\/wp-json\/wp\/v2\/media\/3545"}],"wp:attachment":[{"href":"https:\/\/alter-entorn.com\/fr\/wp-json\/wp\/v2\/media?parent=4327"}],"wp:term":[{"taxonomy":"product_brand","embeddable":true,"href":"https:\/\/alter-entorn.com\/fr\/wp-json\/wp\/v2\/product_brand?post=4327"},{"taxonomy":"product_cat","embeddable":true,"href":"https:\/\/alter-entorn.com\/fr\/wp-json\/wp\/v2\/product_cat?post=4327"},{"taxonomy":"product_tag","embeddable":true,"href":"https:\/\/alter-entorn.com\/fr\/wp-json\/wp\/v2\/product_tag?post=4327"}],"curies":[{"name":"wp","href":"https:\/\/api.w.org\/{rel}","templated":true}]}}